{"id":4339,"date":"2015-01-19T15:16:37","date_gmt":"2015-01-19T15:16:37","guid":{"rendered":"https:\/\/villa-pacetina.com\/prima-pagina\/"},"modified":"2025-08-25T09:08:05","modified_gmt":"2025-08-25T09:08:05","slug":"prima-pagina","status":"publish","type":"page","link":"https:\/\/villa-pacetina.com\/it\/","title":{"rendered":"Ville con piscina"},"content":{"rendered":"<p><div class=\"fusion-fullwidth fullwidth-box fusion-builder-row-1 fusion-flex-container has-pattern-background has-mask-background hundred-percent-fullwidth non-hundred-percent-height-scrolling\" style=\"--awb-border-radius-top-left:0px;--awb-border-radius-top-right:0px;--awb-border-radius-bottom-right:0px;--awb-border-radius-bottom-left:0px;--awb-margin-top:-40px;--awb-flex-wrap:wrap;\" ><div class=\"fusion-builder-row fusion-row fusion-flex-align-items-flex-start fusion-flex-content-wrap\" style=\"width:104% !important;max-width:104% !important;margin-left: calc(-4% \/ 2 );margin-right: calc(-4% \/ 2 );\"><div class=\"fusion-layout-column fusion_builder_column fusion-builder-column-0 fusion_builder_column_1_1 1_1 fusion-flex-column\" style=\"--awb-bg-size:cover;--awb-width-large:100%;--awb-margin-top-large:0px;--awb-spacing-right-large:1.92%;--awb-margin-bottom-large:20px;--awb-spacing-left-large:1.92%;--awb-width-medium:100%;--awb-order-medium:0;--awb-spacing-right-medium:1.92%;--awb-spacing-left-medium:1.92%;--awb-width-small:100%;--awb-order-small:0;--awb-spacing-right-small:1.92%;--awb-spacing-left-small:1.92%;\"><div class=\"fusion-column-wrapper fusion-column-has-shadow fusion-flex-justify-content-flex-start fusion-content-layout-column\"><div class=\"fusion-section-separator section-separator hills-opacity fusion-section-separator-1\" style=\"--awb-spacer-padding-top:inherit;--awb-svg-margin-left:1.92%;--awb-svg-margin-right:1.92%;--awb-svg-margin-left-medium:1.92%;--awb-svg-margin-right-medium:1.92%;--awb-svg-margin-left-small:1.92%;--awb-svg-margin-right-small:1.92%;--awb-divider-height:50px;--awb-spacer-height:50px;--awb-sep-font-size:0;--awb-sep-line-height:0;\"><div class=\"fusion-section-separator-svg\"><svg class=\"fusion-hills-opacity-candy\" xmlns=\"http:\/\/www.w3.org\/2000\/svg\" version=\"1.1\" width=\"100%\" viewBox=\"0 -0.5 1024 182\" preserveAspectRatio=\"none\" fill=\"rgba(255,255,255,1)\"><path class=\"st0\" d=\"M0 182.086h1024V41.593c-28.058-21.504-60.109-37.581-97.075-37.581-112.845 0-198.144 93.798-289.792 93.798S437.658 6.777 351.846 6.777s-142.234 82.125-238.49 82.125c-63.078 0-75.776-31.744-113.357-53.658L0 182.086z\"\/>\n\t\t\t\t\t\t\t\t\t<path class=\"st1\" d=\"M1024 181.062v-75.878c-39.731 15.872-80.794 27.341-117.658 25.805-110.387-4.506-191.795-109.773-325.53-116.224-109.158-5.12-344.166 120.115-429.466 166.298H1024v-.001z\"\/>\n\t\t\t\t\t\t\t\t\t<path class=\"st2\" d=\"M0 182.086h1024V90.028C966.451 59.103 907.059 16.3 824.115 15.071 690.278 13.023 665.19 102.93 482.099 102.93S202.138-1.62 74.24.019C46.49.326 21.811 4.217 0 9.849v172.237z\"\/>\n\t\t\t\t\t\t\t\t\t<path class=\"st3\" d=\"M0 182.086h1024V80.505c-37.171 19.558-80.691 35.328-139.571 36.25-151.142 2.355-141.619-28.57-298.496-29.184s-138.854 47.002-305.459 43.725C132.813 128.428 91.238 44.563 0 28.179v153.907z\"\/>\n\t\t\t\t\t\t\t\t\t<path class=\"st4\" d=\"M0 182.086h1024v-77.312c-49.05 20.07-120.525 42.394-193.229 42.086-128.922-.512-159.846-72.294-255.795-72.294-89.088 0-134.656 80.179-245.043 82.022S169.063 99.346 49.971 97.401C32.768 97.094 16.077 99.244 0 103.135v78.951z\"\/>\n\t\t\t\t\t\t\t\t<\/svg><\/div><div class=\"fusion-section-separator-spacer\"><div class=\"fusion-section-separator-spacer-height\"><\/div><\/div><\/div><\/div><\/div><\/div><\/div><div class=\"fusion-fullwidth fullwidth-box fusion-builder-row-2 fusion-flex-container has-pattern-background has-mask-background nonhundred-percent-fullwidth non-hundred-percent-height-scrolling\" style=\"--awb-background-position:left top;--awb-border-sizes-top:0px;--awb-border-sizes-bottom:0px;--awb-border-sizes-left:0px;--awb-border-sizes-right:0px;--awb-border-radius-top-left:0px;--awb-border-radius-top-right:0px;--awb-border-radius-bottom-right:0px;--awb-border-radius-bottom-left:0px;--awb-padding-top:0px;--awb-padding-bottom:0px;--awb-margin-top:30px;--awb-margin-top-small:30px;--awb-flex-wrap:wrap;\" ><div class=\"fusion-builder-row fusion-row fusion-flex-align-items-stretch fusion-flex-content-wrap\" style=\"max-width:calc( 1250px + 0px );margin-left: calc(-0px \/ 2 );margin-right: calc(-0px \/ 2 );\"><div class=\"fusion-layout-column fusion_builder_column fusion-builder-column-1 fusion_builder_column_2_3 2_3 fusion-flex-column\" style=\"--awb-padding-right:80px;--awb-padding-right-small:0px;--awb-bg-position:right bottom;--awb-bg-blend:overlay;--awb-bg-size:cover;--awb-width-large:66.666666666667%;--awb-margin-top-large:0px;--awb-spacing-right-large:0px;--awb-margin-bottom-large:20px;--awb-spacing-left-large:0px;--awb-width-medium:100%;--awb-order-medium:0;--awb-spacing-right-medium:0px;--awb-margin-bottom-medium:0px;--awb-spacing-left-medium:0px;--awb-width-small:100%;--awb-order-small:0;--awb-spacing-right-small:0px;--awb-spacing-left-small:0px;\"><div class=\"fusion-column-wrapper fusion-column-has-shadow fusion-flex-justify-content-flex-start fusion-content-layout-column\"><div class=\"fusion-title title fusion-title-1 fusion-title-text fusion-title-size-two\" style=\"--awb-margin-bottom:0px;--awb-margin-bottom-small:0px;--awb-margin-bottom-medium:0px;--awb-font-size:var(--awb-typography2-font-size);\"><div class=\"title-sep-container title-sep-container-left fusion-no-large-visibility fusion-no-medium-visibility fusion-no-small-visibility\"><div class=\"title-sep sep- sep-solid\" style=\"border-color:var(--awb-color3);\"><\/div><\/div><span class=\"awb-title-spacer fusion-no-large-visibility fusion-no-medium-visibility fusion-no-small-visibility\"><\/span><h2 class=\"fusion-title-heading title-heading-left fusion-responsive-typography-calculated\" style=\"font-family:var(--awb-typography2-font-family);font-weight:var(--awb-typography2-font-weight);font-style:var(--awb-typography2-font-style);margin:0;font-size:1em;letter-spacing:var(--awb-typography2-letter-spacing);text-transform:var(--awb-typography2-text-transform);--fontSize:13;--minFontSize:13;line-height:var(--awb-typography2-line-height);\">Villa Lara e Villa Nina<\/h2><span class=\"awb-title-spacer\"><\/span><div class=\"title-sep-container title-sep-container-right\"><div class=\"title-sep sep- sep-solid\" style=\"border-color:var(--awb-color3);\"><\/div><\/div><\/div><div class=\"fusion-title title fusion-title-2 fusion-title-text fusion-title-size-three\" style=\"--awb-margin-bottom-small:15px;--awb-font-size:46px;\"><div class=\"title-sep-container title-sep-container-left fusion-no-large-visibility fusion-no-medium-visibility fusion-no-small-visibility\"><div class=\"title-sep sep- sep-solid\" style=\"border-color:var(--awb-color3);\"><\/div><\/div><span class=\"awb-title-spacer fusion-no-large-visibility fusion-no-medium-visibility fusion-no-small-visibility\"><\/span><h3 class=\"fusion-title-heading title-heading-left fusion-responsive-typography-calculated\" style=\"margin:0;font-size:1em;--fontSize:46;line-height:2;\">Villa Pa\u010detina<\/h3><span class=\"awb-title-spacer\"><\/span><div class=\"title-sep-container title-sep-container-right\"><div class=\"title-sep sep- sep-solid\" style=\"border-color:var(--awb-color3);\"><\/div><\/div><\/div><div class=\"fusion-separator\" style=\"align-self: flex-start;margin-right:auto;margin-top:0px;margin-bottom:20px;width:100%;max-width:50px;\"><div class=\"fusion-separator-border sep-single sep-solid\" style=\"--awb-height:20px;--awb-amount:20px;--awb-sep-color:var(--awb-color4);border-color:var(--awb-color4);border-top-width:1px;\"><\/div><\/div><div class=\"fusion-text fusion-text-1\"><p>A soli 30 minuti di auto da Zagabria ea 20 minuti dal confine con la Slovenia, si trovano <strong>le Ville Pa\u010detina<\/strong> . Ville esclusive posizionate su una bella e dolce collina, in completa solitudine circondate dalla foresta.<\/p>\n<p>Nella pace, nella quiete, nel verde e nell&#8217;atmosfera piacevole delle lussuose case vacanza, vivrete indimenticabili momenti di relax.<\/p>\n<p>Grazie alle sue numerose risorse naturali e alle infrastrutture pi\u00f9 recenti, Hrvatsko Zagorje e le citt\u00e0 circostanti offrono numerose attivit\u00e0.<br \/>\n Tuttavia, se consideriamo che Villa Pa\u010detina si trova nel cuore dello Zagorje croato, otterrete la combinazione ideale per iniziare la vostra vacanza attiva nella natura. Nelle vicinanze delle case vacanza Villa Pa\u010detina si pu\u00f2 sperimentare quasi tutto, da una spensierata passeggiata attraverso la natura incontaminata all&#8217;aria fresca e pulita, raccogliendo frutta da un frutteto vicino a vari sport e divertimenti. \u00c8 quindi un luogo ideale per una vacanza con la famiglia o con gli amici, meeting ed eventi aziendali, team building, meeting organizzati, meeting professionali, presentazioni.<\/p>\n<p>Goditi le numerose attivit\u00e0 e i diversi contenuti, sia culturali che gastronomici, che offre Hrvatsko Zagorje.<\/p>\n<\/div><div class=\"fusion-builder-row fusion-builder-row-inner fusion-row fusion-flex-align-items-stretch fusion-flex-content-wrap\" style=\"width:calc( 100% + 0px ) !important;max-width:calc( 100% + 0px ) !important;margin-left: calc(-0px \/ 2 );margin-right: calc(-0px \/ 2 );\"><div class=\"fusion-layout-column fusion_builder_column_inner fusion-builder-nested-column-0 fusion_builder_column_inner_2_5 2_5 fusion-flex-column\" style=\"--awb-bg-size:cover;--awb-width-large:40%;--awb-margin-top-large:0px;--awb-spacing-right-large:0px;--awb-margin-bottom-large:20px;--awb-spacing-left-large:0px;--awb-width-medium:100%;--awb-order-medium:0;--awb-spacing-right-medium:0px;--awb-spacing-left-medium:0px;--awb-width-small:100%;--awb-order-small:0;--awb-spacing-right-small:0px;--awb-spacing-left-small:0px;\"><div class=\"fusion-column-wrapper fusion-column-has-shadow fusion-flex-justify-content-flex-start fusion-content-layout-column\"><div ><a class=\"fusion-button button-flat button-large button-default fusion-button-default button-1 fusion-button-default-span \" style=\"--button-border-radius-top-left:0px;--button-border-radius-top-right:0px;--button-border-radius-bottom-right:0px;--button-border-radius-bottom-left:0px;--button_margin-top:10px;--button_margin-bottom:60px;\" target=\"_self\" href=\"https:\/\/villa-pacetina.com\/it\/ville\/\" id=\"look\"><span class=\"fusion-button-text fusion-button-text-right\">Esplora le ville di Pa\u010detina<\/span><span class=\"fusion-button-icon-divider button-icon-divider-right\"><i class=\"icon-hotel-angle-right-solid\" aria-hidden=\"true\"><\/i><\/span><\/a><\/div><\/div><\/div><div class=\"fusion-layout-column fusion_builder_column_inner fusion-builder-nested-column-1 fusion_builder_column_inner_1_4 1_4 fusion-flex-column\" style=\"--awb-bg-size:cover;--awb-width-large:25%;--awb-margin-top-large:0px;--awb-spacing-right-large:0px;--awb-margin-bottom-large:20px;--awb-spacing-left-large:0px;--awb-width-medium:100%;--awb-order-medium:0;--awb-spacing-right-medium:0px;--awb-spacing-left-medium:0px;--awb-width-small:33.333333333333%;--awb-order-small:0;--awb-spacing-right-small:0px;--awb-spacing-left-small:0px;\"><div class=\"fusion-column-wrapper fusion-column-has-shadow fusion-flex-justify-content-flex-start fusion-content-layout-column\"><div class=\"sm-text-align-center\"><a class=\"fusion-button button-flat button-large button-custom fusion-button-default button-2 fusion-button-default-span fusion-has-button-gradient\" style=\"--button_accent_color:var(--awb-color4);--button_border_color:var(--awb-color4);--button_accent_hover_color:var(--awb-color1);--button_border_hover_color:var(--awb-color1);--button_border_width-top:1px;--button_border_width-right:1px;--button_border_width-bottom:1px;--button_border_width-left:1px;--button-border-radius-top-left:0px;--button-border-radius-top-right:0px;--button-border-radius-bottom-right:0px;--button-border-radius-bottom-left:0px;--button_gradient_top_color:rgba(31,88,32,0);--button_gradient_bottom_color:rgba(255,255,255,0);--button_gradient_top_color_hover:#887460;--button_gradient_bottom_color_hover:#887460;--button_margin-top:10px;--button_margin-bottom:60px;\" target=\"_blank\" rel=\"noopener noreferrer\" href=\"https:\/\/villa-pacetina.com\/wp-content\/uploads\/2024\/09\/villa-pacetina-cijena.pdf\" id=\"look\"><span class=\"fusion-button-text fusion-button-text-right\">Listino prezzi<\/span><span class=\"fusion-button-icon-divider button-icon-divider-right\"><i class=\"icon-hotel-angle-right-solid\" aria-hidden=\"true\"><\/i><\/span><\/a><\/div><\/div><\/div><div class=\"fusion-layout-column fusion_builder_column_inner fusion-builder-nested-column-2 fusion_builder_column_inner_1_4 1_4 fusion-flex-column\" style=\"--awb-bg-size:cover;--awb-width-large:25%;--awb-margin-top-large:0px;--awb-spacing-right-large:0px;--awb-margin-bottom-large:20px;--awb-spacing-left-large:0px;--awb-width-medium:100%;--awb-order-medium:0;--awb-spacing-right-medium:0px;--awb-spacing-left-medium:0px;--awb-width-small:33.333333333333%;--awb-order-small:0;--awb-spacing-right-small:0px;--awb-spacing-left-small:0px;\"><div class=\"fusion-column-wrapper fusion-column-has-shadow fusion-flex-justify-content-flex-start fusion-content-layout-column\"><div class=\"sm-text-align-center\"><a class=\"fusion-button button-flat button-large button-custom fusion-button-default button-3 fusion-button-default-span fusion-has-button-gradient\" style=\"--button_accent_color:var(--awb-color4);--button_border_color:var(--awb-color4);--button_accent_hover_color:var(--awb-color1);--button_border_hover_color:var(--awb-color1);--button_border_width-top:1px;--button_border_width-right:1px;--button_border_width-bottom:1px;--button_border_width-left:1px;--button-border-radius-top-left:0px;--button-border-radius-top-right:0px;--button-border-radius-bottom-right:0px;--button-border-radius-bottom-left:0px;--button_gradient_top_color:rgba(31,88,32,0);--button_gradient_bottom_color:rgba(255,255,255,0);--button_gradient_top_color_hover:#887460;--button_gradient_bottom_color_hover:#887460;--button_margin-top:10px;--button_margin-bottom:60px;\" target=\"_blank\" rel=\"noopener noreferrer\" href=\"https:\/\/villa-pacetina.com\/it\/weekend-per-due-relax-romantico-a-villa-pacetina\/\" id=\"look\"><span class=\"fusion-button-text fusion-button-text-right\">Pacchetti<\/span><span class=\"fusion-button-icon-divider button-icon-divider-right\"><i class=\"fa-gift fas\" aria-hidden=\"true\"><\/i><\/span><\/a><\/div><\/div><\/div><\/div><\/div><\/div><div class=\"fusion-layout-column fusion_builder_column fusion-builder-column-2 fusion_builder_column_1_3 1_3 fusion-flex-column\" style=\"--awb-bg-color:var(--awb-color3);--awb-bg-color-hover:var(--awb-color3);--awb-bg-size:cover;--awb-width-large:33.333333333333%;--awb-margin-top-large:0px;--awb-spacing-right-large:0px;--awb-margin-bottom-large:20px;--awb-spacing-left-large:0px;--awb-width-medium:100%;--awb-order-medium:0;--awb-spacing-right-medium:0px;--awb-spacing-left-medium:0px;--awb-width-small:100%;--awb-order-small:0;--awb-spacing-right-small:0px;--awb-spacing-left-small:0px;\"><div class=\"fusion-column-wrapper lazyload fusion-column-has-shadow fusion-flex-justify-content-flex-start fusion-content-layout-column fusion-empty-column-bg-image fusion-column-has-bg-image\" data-bg-url=\"https:\/\/villa-pacetina.com\/wp-content\/uploads\/2022\/09\/VillaPacetina144_Jurinec-photography_19052022-copy.jpg\" data-bg=\"https:\/\/villa-pacetina.com\/wp-content\/uploads\/2022\/09\/VillaPacetina144_Jurinec-photography_19052022-copy.jpg\"><img decoding=\"async\" class=\"fusion-empty-dims-img-placeholder fusion-no-large-visibility\" src=\"data:image\/svg+xml,%3Csvg%20xmlns%3D%27http%3A%2F%2Fwww.w3.org%2F2000%2Fsvg%27%20width%3D%271000%27%20height%3D%27978%27%20viewBox%3D%270%200%201000%20978%27%3E%3Crect%20width%3D%271000%27%20height%3D%27978%27%20fill-opacity%3D%220%22%2F%3E%3C%2Fsvg%3E\"><\/div><\/div><\/div><\/div><div class=\"fusion-fullwidth fullwidth-box fusion-builder-row-3 fusion-flex-container has-pattern-background has-mask-background hundred-percent-fullwidth non-hundred-percent-height-scrolling fusion-no-small-visibility\" style=\"--awb-border-radius-top-left:0px;--awb-border-radius-top-right:0px;--awb-border-radius-bottom-right:0px;--awb-border-radius-bottom-left:0px;--awb-overflow:visible;--awb-margin-top:-23px;--awb-flex-wrap:wrap;\" ><div class=\"fusion-builder-row fusion-row fusion-flex-align-items-flex-start fusion-flex-content-wrap\" style=\"width:calc( 100% + 0px ) !important;max-width:calc( 100% + 0px ) !important;margin-left: calc(-0px \/ 2 );margin-right: calc(-0px \/ 2 );\"><div class=\"fusion-layout-column fusion_builder_column fusion-builder-column-3 fusion_builder_column_1_1 1_1 fusion-flex-column fusion-flex-align-self-flex-start fusion-column-no-min-height\" style=\"--awb-bg-blend:overlay;--awb-bg-size:cover;--awb-width-large:100%;--awb-margin-top-large:0px;--awb-spacing-right-large:0px;--awb-margin-bottom-large:0px;--awb-spacing-left-large:0px;--awb-width-medium:100%;--awb-spacing-right-medium:0px;--awb-spacing-left-medium:0px;--awb-width-small:100%;--awb-spacing-right-small:0px;--awb-spacing-left-small:0px;\"><div class=\"fusion-column-wrapper fusion-flex-justify-content-flex-start fusion-content-layout-column\"><div class=\"fusion-separator fusion-full-width-sep\" style=\"align-self: center;margin-left: auto;margin-right: auto;width:100%;\"><\/div><\/div><\/div><\/div><\/div><div class=\"fusion-fullwidth fullwidth-box fusion-builder-row-4 fusion-flex-container has-pattern-background has-mask-background nonhundred-percent-fullwidth non-hundred-percent-height-scrolling\" style=\"--awb-background-position:center top;--awb-border-sizes-top:0px;--awb-border-sizes-bottom:0px;--awb-border-sizes-left:0px;--awb-border-sizes-right:0px;--awb-border-radius-top-left:0px;--awb-border-radius-top-right:0px;--awb-border-radius-bottom-right:0px;--awb-border-radius-bottom-left:0px;--awb-padding-top:0px;--awb-padding-bottom:80px;--awb-padding-bottom-medium:48px;--awb-padding-bottom-small:48px;--awb-margin-top:30px;--awb-background-color:hsla(var(--awb-color2-h),var(--awb-color2-s),calc(var(--awb-color2-l) + 4%),var(--awb-color2-a));--awb-flex-wrap:wrap;\" id=\"look\" ><div class=\"fusion-builder-row fusion-row fusion-flex-align-items-flex-start fusion-flex-content-wrap\" style=\"max-width:1300px;margin-left: calc(-4% \/ 2 );margin-right: calc(-4% \/ 2 );\"><div class=\"fusion-layout-column fusion_builder_column fusion-builder-column-4 fusion_builder_column_1_1 1_1 fusion-flex-column fusion-flex-align-self-flex-start fusion-column-no-min-height\" style=\"--awb-bg-blend:overlay;--awb-bg-size:cover;--awb-width-large:100%;--awb-margin-top-large:0px;--awb-spacing-right-large:1.92%;--awb-margin-bottom-large:20px;--awb-spacing-left-large:1.92%;--awb-width-medium:100%;--awb-spacing-right-medium:1.92%;--awb-spacing-left-medium:1.92%;--awb-width-small:100%;--awb-spacing-right-small:1.92%;--awb-spacing-left-small:1.92%;\"><div class=\"fusion-column-wrapper fusion-flex-justify-content-flex-start fusion-content-layout-column\"><div class=\"fusion-image-element \" style=\"text-align:center;--awb-caption-title-font-family:var(--h2_typography-font-family);--awb-caption-title-font-weight:var(--h2_typography-font-weight);--awb-caption-title-font-style:var(--h2_typography-font-style);--awb-caption-title-size:var(--h2_typography-font-size);--awb-caption-title-transform:var(--h2_typography-text-transform);--awb-caption-title-line-height:var(--h2_typography-line-height);--awb-caption-title-letter-spacing:var(--h2_typography-letter-spacing);\"><span class=\" fusion-imageframe imageframe-none imageframe-1 hover-type-none\"><img decoding=\"async\" width=\"370\" height=\"82\" title=\"Flowers Top\" src=\"data:image\/svg+xml,%3Csvg%20xmlns%3D%27http%3A%2F%2Fwww.w3.org%2F2000%2Fsvg%27%20width%3D%27370%27%20height%3D%2782%27%20viewBox%3D%270%200%20370%2082%27%3E%3Crect%20width%3D%27370%27%20height%3D%2782%27%20fill-opacity%3D%220%22%2F%3E%3C%2Fsvg%3E\" data-orig-src=\"https:\/\/villa-pacetina.com\/wp-content\/uploads\/2015\/01\/flowers_top.png\" alt class=\"lazyload img-responsive wp-image-2774\"\/><\/span><\/div><\/div><\/div><div class=\"fusion-layout-column fusion_builder_column fusion-builder-column-5 fusion_builder_column_1_1 1_1 fusion-flex-column fusion-flex-align-self-flex-start fusion-column-no-min-height\" style=\"--awb-bg-blend:overlay;--awb-bg-size:cover;--awb-width-large:100%;--awb-margin-top-large:0px;--awb-spacing-right-large:1.92%;--awb-margin-bottom-large:0px;--awb-spacing-left-large:1.92%;--awb-width-medium:100%;--awb-spacing-right-medium:1.92%;--awb-spacing-left-medium:1.92%;--awb-width-small:100%;--awb-spacing-right-small:1.92%;--awb-spacing-left-small:1.92%;\"><div class=\"fusion-column-wrapper fusion-flex-justify-content-flex-start fusion-content-layout-column\"><div class=\"fusion-title title fusion-title-3 fusion-title-center fusion-title-text fusion-title-size-two\" style=\"--awb-margin-bottom:0px;--awb-margin-bottom-small:0px;--awb-margin-bottom-medium:0px;--awb-font-size:var(--awb-typography2-font-size);\"><div class=\"title-sep-container title-sep-container-left\"><div class=\"title-sep sep- sep-solid\" style=\"border-color:var(--awb-color3);\"><\/div><\/div><span class=\"awb-title-spacer\"><\/span><h2 class=\"fusion-title-heading title-heading-center fusion-responsive-typography-calculated\" style=\"font-family:var(--awb-typography2-font-family);font-weight:var(--awb-typography2-font-weight);font-style:var(--awb-typography2-font-style);margin:0;font-size:1em;letter-spacing:var(--awb-typography2-letter-spacing);text-transform:var(--awb-typography2-text-transform);--fontSize:13;--minFontSize:13;line-height:var(--awb-typography2-line-height);\">VIVERE INDIMENTICABILI MOMENTI DI RELAX<\/h2><span class=\"awb-title-spacer\"><\/span><div class=\"title-sep-container title-sep-container-right\"><div class=\"title-sep sep- sep-solid\" style=\"border-color:var(--awb-color3);\"><\/div><\/div><\/div><div class=\"fusion-title title fusion-title-4 fusion-title-center fusion-title-text fusion-title-size-three\" style=\"--awb-margin-bottom-small:15px;--awb-font-size:46px;\"><div class=\"title-sep-container title-sep-container-left\"><div class=\"title-sep sep- sep-solid\" style=\"border-color:var(--awb-color3);\"><\/div><\/div><span class=\"awb-title-spacer\"><\/span><h3 class=\"fusion-title-heading title-heading-center fusion-responsive-typography-calculated\" style=\"margin:0;font-size:1em;--fontSize:46;line-height:var(--awb-typography1-line-height);\">Alloggio<\/h3><span class=\"awb-title-spacer\"><\/span><div class=\"title-sep-container title-sep-container-right\"><div class=\"title-sep sep- sep-solid\" style=\"border-color:var(--awb-color3);\"><\/div><\/div><\/div><div class=\"fusion-separator\" style=\"align-self: center;margin-left: auto;margin-right: auto;margin-top:0px;margin-bottom:60px;width:100%;max-width:50px;\"><div class=\"fusion-separator-border sep-single sep-solid\" style=\"--awb-height:20px;--awb-amount:20px;--awb-sep-color:var(--awb-color4);border-color:var(--awb-color4);border-top-width:1px;\"><\/div><\/div><\/div><\/div><div class=\"fusion-layout-column fusion_builder_column fusion-builder-column-6 fusion_builder_column_1_2 1_2 fusion-flex-column fusion-no-small-visibility\" style=\"--awb-padding-top:350px;--awb-padding-right:40px;--awb-padding-left:40px;--awb-padding-right-small:0px;--awb-padding-left-small:0px;--awb-bg-color:var(--awb-color3);--awb-bg-color-hover:var(--awb-color3);--awb-bg-position:center center;--awb-bg-size:cover;--awb-width-large:50%;--awb-margin-top-large:0px;--awb-spacing-right-large:3.84%;--awb-margin-bottom-large:20px;--awb-spacing-left-large:3.84%;--awb-width-medium:100%;--awb-order-medium:0;--awb-spacing-right-medium:1.92%;--awb-spacing-left-medium:1.92%;--awb-width-small:100%;--awb-order-small:0;--awb-spacing-right-small:1.92%;--awb-spacing-left-small:1.92%;\" data-scroll-devices=\"small-visibility,medium-visibility,large-visibility\"><div class=\"fusion-column-wrapper lazyload fusion-column-has-shadow fusion-flex-justify-content-flex-start fusion-content-layout-column fusion-column-has-bg-image\" data-bg-url=\"https:\/\/villa-pacetina.com\/wp-content\/uploads\/2022\/09\/VillaPacetina.jpg\" data-bg=\"https:\/\/villa-pacetina.com\/wp-content\/uploads\/2022\/09\/VillaPacetina.jpg\"><div class=\"fusion-content-boxes content-boxes columns row fusion-columns-1 fusion-columns-total-1 fusion-content-boxes-1 content-boxes-icon-on-top content-left\" style=\"--awb-margin-bottom:0px;--awb-hover-accent-color:var(--awb-color4);--awb-circle-hover-accent-color:var(--awb-color4);--awb-item-margin-bottom:40px;\" data-animationOffset=\"top-into-view\"><div style=\"--awb-backgroundcolor:var(--awb-color1);\" class=\"fusion-column content-box-column content-box-column content-box-column-1 col-lg-12 col-md-12 col-sm-12 fusion-content-box-hover content-box-column-last content-box-column-last-in-row\"><div class=\"col content-box-wrapper content-wrapper-background link-area-box icon-hover-animation-pulsate\" data-animationOffset=\"top-into-view\"><div class=\"heading icon-left\"><h2 class=\"content-box-heading fusion-responsive-typography-calculated\" style=\"--h2_typography-font-size:24px;--fontSize:24;line-height:var(--awb-typography1-line-height);\">Villa Lara<\/h2><\/div><div class=\"fusion-clearfix\"><\/div><div class=\"content-container\"><div class=\"fusion-separator\" style=\"align-self: center;margin-left: auto;margin-right: auto;margin-top:10px;margin-bottom:20px;width:100%;max-width:50px;\"><div class=\"fusion-separator-border sep-single sep-solid\" style=\"--awb-height:20px;--awb-amount:20px;--awb-sep-color:var(--awb-color4);border-color:var(--awb-color4);border-top-width:1px;\"><\/div><\/div>\nLa superficie interna totale \u00e8 di <strong>120 <sup>mq<\/sup><\/strong> , si compone di cucina, sala da pranzo, soggiorno, tre camere da letto, un bagno al piano terra e un bagno al primo piano con <strong>mini sauna<\/strong> e <strong>vasca idromassaggio<\/strong> . L&#8217;interno della villa \u00e8 rivestito in legno, che conferisce un&#8217;atmosfera speciale per soggiornare nella villa. <div class=\"fusion-separator fusion-full-width-sep\" style=\"align-self: center;margin-left: auto;margin-right: auto;margin-top:20px;margin-bottom:0px;width:100%;\"><\/div>\n<div style=\"text-align:center;\"><a class=\"fusion-button button-flat button-large button-default fusion-button-default button-4 fusion-button-default-span \" style=\"--button-border-radius-top-left:0;--button-border-radius-top-right:0;--button-border-radius-bottom-right:0;--button-border-radius-bottom-left:0;\" target=\"_self\" href=\"https:\/\/villa-pacetina.com\/it\/ville\/villa-lara\/\"><span class=\"fusion-button-text fusion-button-text-right\">Ulteriori informazioni su VILLA LARA<\/span><span class=\"fusion-button-icon-divider button-icon-divider-right\"><i class=\"icon-hotel-angle-right-solid\" aria-hidden=\"true\"><\/i><\/span><\/a><\/div><\/div><\/div><\/div><div class=\"fusion-clearfix\"><\/div><\/div><\/div><\/div><div class=\"fusion-layout-column fusion_builder_column fusion-builder-column-7 fusion_builder_column_1_2 1_2 fusion-flex-column fusion-no-medium-visibility fusion-no-large-visibility\" style=\"--awb-padding-right:40px;--awb-padding-left:40px;--awb-padding-right-small:0px;--awb-padding-left-small:0px;--awb-bg-color:#ffffff;--awb-bg-color-hover:#ffffff;--awb-bg-position:center center;--awb-bg-size:cover;--awb-width-large:50%;--awb-margin-top-large:0px;--awb-spacing-right-large:3.84%;--awb-margin-bottom-large:20px;--awb-spacing-left-large:3.84%;--awb-width-medium:100%;--awb-order-medium:0;--awb-spacing-right-medium:1.92%;--awb-spacing-left-medium:1.92%;--awb-width-small:100%;--awb-order-small:0;--awb-spacing-right-small:1.92%;--awb-spacing-left-small:1.92%;\"><div class=\"fusion-column-wrapper fusion-column-has-shadow fusion-flex-justify-content-flex-start fusion-content-layout-column\"><div class=\"fusion-image-element \" style=\"--awb-margin-bottom:0px;--awb-caption-title-font-family:var(--h2_typography-font-family);--awb-caption-title-font-weight:var(--h2_typography-font-weight);--awb-caption-title-font-style:var(--h2_typography-font-style);--awb-caption-title-size:var(--h2_typography-font-size);--awb-caption-title-transform:var(--h2_typography-text-transform);--awb-caption-title-line-height:var(--h2_typography-line-height);--awb-caption-title-letter-spacing:var(--h2_typography-letter-spacing);\"><span class=\" fusion-imageframe imageframe-none imageframe-2 hover-type-none\"><img decoding=\"async\" width=\"1000\" height=\"460\" title=\"VillaPacetina162_Jurinec-photography_19052022222222222222-copy-1-1 copy\" src=\"data:image\/svg+xml,%3Csvg%20xmlns%3D%27http%3A%2F%2Fwww.w3.org%2F2000%2Fsvg%27%20width%3D%271000%27%20height%3D%27460%27%20viewBox%3D%270%200%201000%20460%27%3E%3Crect%20width%3D%271000%27%20height%3D%27460%27%20fill-opacity%3D%220%22%2F%3E%3C%2Fsvg%3E\" data-orig-src=\"https:\/\/villa-pacetina.com\/wp-content\/uploads\/2023\/03\/VillaPacetina162_Jurinec-photography_19052022222222222222-copy-1-1-copy-jpg.webp\" alt class=\"lazyload img-responsive wp-image-5069\"\/><\/span><\/div><div class=\"fusion-content-boxes content-boxes columns row fusion-columns-1 fusion-columns-total-1 fusion-content-boxes-2 content-boxes-icon-on-top content-left\" style=\"--awb-margin-bottom:0px;--awb-hover-accent-color:var(--awb-color4);--awb-circle-hover-accent-color:var(--awb-color4);--awb-item-margin-bottom:40px;\" data-animationOffset=\"top-into-view\"><div style=\"--awb-backgroundcolor:var(--awb-color1);\" class=\"fusion-column content-box-column content-box-column content-box-column-1 col-lg-12 col-md-12 col-sm-12 fusion-content-box-hover content-box-column-last content-box-column-last-in-row\"><div class=\"col content-box-wrapper content-wrapper-background link-area-box icon-hover-animation-pulsate\" data-animationOffset=\"top-into-view\"><div class=\"heading icon-left\"><h2 class=\"content-box-heading fusion-responsive-typography-calculated\" style=\"--h2_typography-font-size:24px;--fontSize:24;line-height:var(--awb-typography1-line-height);\">Villa Lara<\/h2><\/div><div class=\"fusion-clearfix\"><\/div><div class=\"content-container\"><div class=\"fusion-separator\" style=\"align-self: center;margin-left: auto;margin-right: auto;margin-top:10px;margin-bottom:0px;width:100%;max-width:50px;\"><div class=\"fusion-separator-border sep-single sep-solid\" style=\"--awb-height:20px;--awb-amount:20px;--awb-sep-color:var(--awb-color4);border-color:var(--awb-color4);border-top-width:1px;\"><\/div><\/div>\nLa superficie interna totale \u00e8 di <strong>120 <sup>mq<\/sup><\/strong> , si compone di cucina, sala da pranzo, soggiorno, tre camere da letto, un bagno al piano terra e un bagno al primo piano con <strong>mini sauna<\/strong> e <strong>vasca idromassaggio<\/strong> . L&#8217;interno della villa \u00e8 rivestito in legno, che conferisce un&#8217;atmosfera speciale per soggiornare nella villa. <div class=\"fusion-separator fusion-full-width-sep\" style=\"align-self: center;margin-left: auto;margin-right: auto;margin-top:20px;margin-bottom:0px;width:100%;\"><\/div>\n<div style=\"text-align:center;\"><a class=\"fusion-button button-flat button-large button-default fusion-button-default button-5 fusion-button-default-span \" style=\"--button-border-radius-top-left:0;--button-border-radius-top-right:0;--button-border-radius-bottom-right:0;--button-border-radius-bottom-left:0;\" target=\"_self\" href=\"https:\/\/villa-pacetina.com\/it\/ville\/villa-lara\/\"><span class=\"fusion-button-text fusion-button-text-right\">Ulteriori informazioni su VILLA LARA<\/span><span class=\"fusion-button-icon-divider button-icon-divider-right\"><i class=\"icon-hotel-angle-right-solid\" aria-hidden=\"true\"><\/i><\/span><\/a><\/div><\/div><\/div><\/div><div class=\"fusion-clearfix\"><\/div><\/div><\/div><\/div><div class=\"fusion-layout-column fusion_builder_column fusion-builder-column-8 fusion_builder_column_1_2 1_2 fusion-flex-column fusion-no-small-visibility\" style=\"--awb-padding-top:350px;--awb-padding-right:40px;--awb-padding-left:40px;--awb-padding-right-small:0px;--awb-padding-left-small:0px;--awb-bg-color:var(--awb-color3);--awb-bg-color-hover:var(--awb-color3);--awb-bg-position:center center;--awb-bg-size:cover;--awb-width-large:50%;--awb-margin-top-large:0px;--awb-spacing-right-large:3.84%;--awb-margin-bottom-large:20px;--awb-spacing-left-large:3.84%;--awb-width-medium:100%;--awb-order-medium:0;--awb-spacing-right-medium:1.92%;--awb-spacing-left-medium:1.92%;--awb-width-small:100%;--awb-order-small:0;--awb-spacing-right-small:1.92%;--awb-spacing-left-small:1.92%;\" data-scroll-devices=\"small-visibility,medium-visibility,large-visibility\"><div class=\"fusion-column-wrapper lazyload fusion-column-has-shadow fusion-flex-justify-content-flex-start fusion-content-layout-column fusion-column-has-bg-image\" data-bg-url=\"https:\/\/villa-pacetina.com\/wp-content\/uploads\/2022\/09\/room13-copy-1.jpg\" data-bg=\"https:\/\/villa-pacetina.com\/wp-content\/uploads\/2022\/09\/room13-copy-1.jpg\"><div class=\"fusion-content-boxes content-boxes columns row fusion-columns-1 fusion-columns-total-1 fusion-content-boxes-3 content-boxes-icon-on-top content-left\" style=\"--awb-margin-bottom:0px;--awb-hover-accent-color:var(--awb-color4);--awb-circle-hover-accent-color:var(--awb-color4);--awb-item-margin-bottom:40px;\" data-animationOffset=\"top-into-view\"><div style=\"--awb-backgroundcolor:var(--awb-color1);\" class=\"fusion-column content-box-column content-box-column content-box-column-1 col-lg-12 col-md-12 col-sm-12 fusion-content-box-hover content-box-column-last content-box-column-last-in-row\"><div class=\"col content-box-wrapper content-wrapper-background link-area-box icon-hover-animation-pulsate\" data-animationOffset=\"top-into-view\"><div class=\"heading icon-left\"><h2 class=\"content-box-heading fusion-responsive-typography-calculated\" style=\"--h2_typography-font-size:24px;--fontSize:24;line-height:var(--awb-typography1-line-height);\">Villa Nina<\/h2><\/div><div class=\"fusion-clearfix\"><\/div><div class=\"content-container\"><div class=\"fusion-separator\" style=\"align-self: center;margin-left: auto;margin-right: auto;margin-top:10px;margin-bottom:20px;width:100%;max-width:50px;\"><div class=\"fusion-separator-border sep-single sep-solid\" style=\"--awb-height:20px;--awb-amount:20px;--awb-sep-color:var(--awb-color4);border-color:var(--awb-color4);border-top-width:1px;\"><\/div><\/div>\nVilla di nuova costruzione dal design moderno, superficie <strong>150m <sup>2<\/sup><\/strong> . L&#8217;interno \u00e8 scelto con cura e il calore del legno gli conferisce un fascino particolare. Villa Nina \u00e8 appositamente progettata come area benessere e spa. Jacuzzi, sauna e piscina con acqua riscaldata con una splendida vista sulle montagne dello Zagorje offrono una vacanza perfetta.<div class=\"fusion-separator fusion-full-width-sep\" style=\"align-self: center;margin-left: auto;margin-right: auto;margin-top:20px;margin-bottom:0px;width:100%;\"><\/div>\n<div style=\"text-align:center;\"><a class=\"fusion-button button-flat button-large button-default fusion-button-default button-6 fusion-button-default-span \" style=\"--button-border-radius-top-left:0;--button-border-radius-top-right:0;--button-border-radius-bottom-right:0;--button-border-radius-bottom-left:0;\" target=\"_self\" href=\"https:\/\/villa-pacetina.com\/it\/ville\/villa-nina\/\"><span class=\"fusion-button-text fusion-button-text-right\">Ulteriori informazioni su VILLA NINA<\/span><span class=\"fusion-button-icon-divider button-icon-divider-right\"><i class=\"icon-hotel-angle-right-solid\" aria-hidden=\"true\"><\/i><\/span><\/a><\/div><\/div><\/div><\/div><div class=\"fusion-clearfix\"><\/div><\/div><\/div><\/div><div class=\"fusion-layout-column fusion_builder_column fusion-builder-column-9 fusion_builder_column_1_2 1_2 fusion-flex-column fusion-no-medium-visibility fusion-no-large-visibility\" style=\"--awb-padding-right:40px;--awb-padding-left:40px;--awb-padding-right-small:0px;--awb-padding-left-small:0px;--awb-bg-color:#ffffff;--awb-bg-color-hover:#ffffff;--awb-bg-position:center center;--awb-bg-size:cover;--awb-width-large:50%;--awb-margin-top-large:0px;--awb-spacing-right-large:3.84%;--awb-margin-bottom-large:0px;--awb-spacing-left-large:3.84%;--awb-width-medium:100%;--awb-order-medium:0;--awb-spacing-right-medium:1.92%;--awb-spacing-left-medium:1.92%;--awb-width-small:100%;--awb-order-small:0;--awb-spacing-right-small:1.92%;--awb-spacing-left-small:1.92%;\"><div class=\"fusion-column-wrapper fusion-column-has-shadow fusion-flex-justify-content-flex-start fusion-content-layout-column\"><div class=\"fusion-image-element \" style=\"--awb-margin-bottom:0px;--awb-caption-title-font-family:var(--h2_typography-font-family);--awb-caption-title-font-weight:var(--h2_typography-font-weight);--awb-caption-title-font-style:var(--h2_typography-font-style);--awb-caption-title-size:var(--h2_typography-font-size);--awb-caption-title-transform:var(--h2_typography-text-transform);--awb-caption-title-line-height:var(--h2_typography-line-height);--awb-caption-title-letter-spacing:var(--h2_typography-letter-spacing);\"><span class=\" fusion-imageframe imageframe-none imageframe-3 hover-type-none\"><img decoding=\"async\" width=\"1000\" height=\"460\" title=\"VillaPacetina162_Jurinec-photography_1905222222222-copy-1-1 copy\" src=\"data:image\/svg+xml,%3Csvg%20xmlns%3D%27http%3A%2F%2Fwww.w3.org%2F2000%2Fsvg%27%20width%3D%271000%27%20height%3D%27460%27%20viewBox%3D%270%200%201000%20460%27%3E%3Crect%20width%3D%271000%27%20height%3D%27460%27%20fill-opacity%3D%220%22%2F%3E%3C%2Fsvg%3E\" data-orig-src=\"https:\/\/villa-pacetina.com\/wp-content\/uploads\/2023\/03\/VillaPacetina162_Jurinec-photography_1905222222222-copy-1-1-copy-jpg.webp\" alt class=\"lazyload img-responsive wp-image-5085\"\/><\/span><\/div><div class=\"fusion-content-boxes content-boxes columns row fusion-columns-1 fusion-columns-total-1 fusion-content-boxes-4 content-boxes-icon-on-top content-left\" style=\"--awb-margin-bottom:0px;--awb-hover-accent-color:var(--awb-color4);--awb-circle-hover-accent-color:var(--awb-color4);--awb-item-margin-bottom:40px;\" data-animationOffset=\"top-into-view\"><div style=\"--awb-backgroundcolor:var(--awb-color1);\" class=\"fusion-column content-box-column content-box-column content-box-column-1 col-lg-12 col-md-12 col-sm-12 fusion-content-box-hover content-box-column-last content-box-column-last-in-row\"><div class=\"col content-box-wrapper content-wrapper-background link-area-box icon-hover-animation-pulsate\" data-animationOffset=\"top-into-view\"><div class=\"heading icon-left\"><h2 class=\"content-box-heading fusion-responsive-typography-calculated\" style=\"--h2_typography-font-size:24px;--fontSize:24;line-height:var(--awb-typography1-line-height);\">Villa Nina<\/h2><\/div><div class=\"fusion-clearfix\"><\/div><div class=\"content-container\"><div class=\"fusion-separator\" style=\"align-self: center;margin-left: auto;margin-right: auto;margin-top:10px;margin-bottom:0px;width:100%;max-width:50px;\"><div class=\"fusion-separator-border sep-single sep-solid\" style=\"--awb-height:20px;--awb-amount:20px;--awb-sep-color:var(--awb-color4);border-color:var(--awb-color4);border-top-width:1px;\"><\/div><\/div>\nVilla di nuova costruzione dal design moderno di 150m2. L&#8217;interno \u00e8 scelto con cura e il calore del legno gli conferisce un fascino particolare. Villa Nina \u00e8 appositamente progettata come area benessere e spa. Jacuzzi, sauna e piscina con acqua riscaldata con una splendida vista sulle montagne dello Zagorje offrono una vacanza perfetta.<div class=\"fusion-separator fusion-full-width-sep\" style=\"align-self: center;margin-left: auto;margin-right: auto;margin-top:20px;margin-bottom:0px;width:100%;\"><\/div>\n<div style=\"text-align:center;\"><a class=\"fusion-button button-flat button-large button-default fusion-button-default button-7 fusion-button-default-span \" style=\"--button-border-radius-top-left:0;--button-border-radius-top-right:0;--button-border-radius-bottom-right:0;--button-border-radius-bottom-left:0;\" target=\"_self\" href=\"https:\/\/villa-pacetina.com\/it\/ville\/villa-nina\/\"><span class=\"fusion-button-text fusion-button-text-right\">Ulteriori informazioni su VILLA NINA<\/span><span class=\"fusion-button-icon-divider button-icon-divider-right\"><i class=\"icon-hotel-angle-right-solid\" aria-hidden=\"true\"><\/i><\/span><\/a><\/div><\/div><\/div><\/div><div class=\"fusion-clearfix\"><\/div><\/div><\/div><\/div><\/div><\/div><div class=\"fusion-fullwidth fullwidth-box fusion-builder-row-5 fusion-flex-container has-pattern-background has-mask-background nonhundred-percent-fullwidth non-hundred-percent-height-scrolling\" style=\"--awb-background-position:left top;--awb-border-sizes-top:0px;--awb-border-sizes-bottom:0px;--awb-border-sizes-left:0px;--awb-border-sizes-right:0px;--awb-border-radius-top-left:0px;--awb-border-radius-top-right:0px;--awb-border-radius-bottom-right:0px;--awb-border-radius-bottom-left:0px;--awb-padding-top:20px;--awb-padding-bottom:0px;--awb-padding-bottom-small:20px;--awb-flex-wrap:wrap;\" ><div class=\"fusion-builder-row fusion-row fusion-flex-align-items-center fusion-flex-justify-content-center fusion-flex-content-wrap\" style=\"max-width:calc( 1250px + 0px );margin-left: calc(-0px \/ 2 );margin-right: calc(-0px \/ 2 );\"><div class=\"fusion-layout-column fusion_builder_column fusion-builder-column-10 fusion_builder_column_1_1 1_1 fusion-flex-column\" style=\"--awb-bg-size:cover;--awb-width-large:100%;--awb-margin-top-large:0px;--awb-spacing-right-large:0px;--awb-margin-bottom-large:20px;--awb-spacing-left-large:0px;--awb-width-medium:100%;--awb-order-medium:0;--awb-spacing-right-medium:0px;--awb-spacing-left-medium:0px;--awb-width-small:100%;--awb-order-small:0;--awb-spacing-right-small:0px;--awb-spacing-left-small:0px;\"><div class=\"fusion-column-wrapper fusion-column-has-shadow fusion-flex-justify-content-flex-start fusion-content-layout-column\"><div class=\"fusion-title title fusion-title-5 fusion-title-center fusion-title-text fusion-title-size-one\" style=\"--awb-margin-top:30px;--awb-margin-bottom:30px;\"><div class=\"title-sep-container title-sep-container-left\"><div class=\"title-sep sep- sep-solid\" style=\"border-color:var(--awb-color3);\"><\/div><\/div><span class=\"awb-title-spacer\"><\/span><h1 class=\"fusion-title-heading title-heading-center fusion-responsive-typography-calculated\" style=\"margin:0;--fontSize:46;line-height:var(--awb-typography1-line-height);\">Notizia<\/h1><span class=\"awb-title-spacer\"><\/span><div class=\"title-sep-container title-sep-container-right\"><div class=\"title-sep sep- sep-solid\" style=\"border-color:var(--awb-color3);\"><\/div><\/div><\/div><\/div><\/div><div class=\"fusion-layout-column fusion_builder_column fusion-builder-column-11 fusion_builder_column_1_2 1_2 fusion-flex-column\" style=\"--awb-padding-top:30px;--awb-padding-right:50px;--awb-padding-bottom:50px;--awb-padding-left:30px;--awb-bg-size:cover;--awb-width-large:50%;--awb-margin-top-large:0px;--awb-spacing-right-large:0px;--awb-margin-bottom-large:20px;--awb-spacing-left-large:0px;--awb-width-medium:100%;--awb-order-medium:0;--awb-spacing-right-medium:0px;--awb-spacing-left-medium:0px;--awb-width-small:100%;--awb-order-small:0;--awb-spacing-right-small:0px;--awb-spacing-left-small:0px;\" data-scroll-devices=\"small-visibility,medium-visibility,large-visibility\"><div class=\"fusion-column-wrapper fusion-column-has-shadow fusion-flex-justify-content-flex-start fusion-content-layout-column\"><div class=\"fusion-blog-shortcode fusion-blog-shortcode-1 fusion-blog-archive fusion-blog-layout-grid-wrapper fusion-blog-no\"><style type=\"text\/css\">.fusion-blog-shortcode-1 .fusion-blog-layout-grid .fusion-post-grid{padding:20px;}.fusion-blog-shortcode-1 .fusion-posts-container{margin-left: -20px !important; margin-right:-20px !important;}<\/style><div class=\"fusion-posts-container fusion-posts-container-no fusion-blog-rollover fusion-blog-layout-grid fusion-blog-layout-grid-1 isotope\" data-pages=\"11\" data-grid-col-space=\"40\" style=\"margin: -20px -20px 0;min-height:500px;\"><article id=\"blog-1-post-6905\" class=\"fusion-post-grid post-6905 post type-post status-publish format-standard has-post-thumbnail hentry category-non-categorizzato\">\n<div class=\"fusion-post-wrapper\" style=\"background-color:rgba(255,255,255,0);border:1px solid var(--awb-color2);border-bottom-width:3px;\">\n\n\t\t\t<div class=\"fusion-flexslider flexslider fusion-flexslider-loading fusion-post-slideshow\" style=\"border-color:var(--awb-color2);\">\n\t\t<ul class=\"slides\">\n\t\t\t\n\t\t\t\t\t\t\t\t\t\t\t\t\t\t<li><div  class=\"fusion-image-wrapper\" aria-haspopup=\"true\">\n\t\t\t\t<img decoding=\"async\" width=\"500\" height=\"500\" src=\"https:\/\/villa-pacetina.com\/wp-content\/uploads\/2025\/10\/asdsadasda.png\" class=\"attachment-full size-full lazyload wp-post-image\" alt=\"asdsadasda\" srcset=\"data:image\/svg+xml,%3Csvg%20xmlns%3D%27http%3A%2F%2Fwww.w3.org%2F2000%2Fsvg%27%20width%3D%27500%27%20height%3D%27500%27%20viewBox%3D%270%200%20500%20500%27%3E%3Crect%20width%3D%27500%27%20height%3D%27500%27%20fill-opacity%3D%220%22%2F%3E%3C%2Fsvg%3E\" data-orig-src=\"https:\/\/villa-pacetina.com\/wp-content\/uploads\/2025\/10\/asdsadasda.png\" data-srcset=\"https:\/\/villa-pacetina.com\/wp-content\/uploads\/2025\/10\/asdsadasda-200x200.png 200w, https:\/\/villa-pacetina.com\/wp-content\/uploads\/2025\/10\/asdsadasda-400x400.png 400w, https:\/\/villa-pacetina.com\/wp-content\/uploads\/2025\/10\/asdsadasda.png 500w\" data-sizes=\"auto\" \/><div class=\"fusion-rollover\">\n\t<div class=\"fusion-rollover-content\">\n\n\t\t\t\t\t\t\t\t\t\t\n\t\t\t\t\t\t\t\t\t\t\t\t\t\t\n\t\t\t\t\t\t\t\t\n\t\t\t\t\t\t\t\t\n\t\t\t\t\t\t\t\t\t\t\t\t\t\t\t\t\t\t<a class=\"fusion-rollover-gallery\" href=\"https:\/\/villa-pacetina.com\/wp-content\/uploads\/2025\/10\/asdsadasda.png\" data-id=\"6905\" data-rel=\"iLightbox[gallery]\" data-title=\"asdsadasda\" data-caption=\"asdsadasda\">\n\t\t\t\t\t\tGallery\t\t\t\t\t<\/a>\n\t\t\t\t\t\t\t\t\t\t\t\t\t\t\n\t\t\n\t\t\t\t\t\t\t\t\n\t\t\t\t\t\t\t\t\n\t\t\n\t\t\t\t\t\t<a class=\"fusion-link-wrapper\" href=\"https:\/\/villa-pacetina.com\/it\/vacanze-di-natale-a-villa-pacetina-magia-invernale-nel-cuore-di-zagorje\/\" aria-label=\"Vacanze di Natale a Villa Pa\u010detina: magia invernale nel cuore di Zagorje\"><\/a>\n\t<\/div>\n<\/div>\n<\/div>\n<\/li>\n\t\t\t\n\t\t\t\n\t\t\t\t\t\t\t\t\t\t\t\t\t\t\t\t\t\t\t\t\t\t\t\t\t\t\t\t\t\t\t\t\t\t\t\t\t\t\t\t\t\t\t\t\t\t\t\t\t\t\t\t\t\t\t\t\t\t\t\t\t\t\t\t\t\t\t\t<\/ul>\n\t<\/div>\n\t<div class=\"fusion-post-content-wrapper\" style=\"padding:30px 25px 25px 25px;\"><div class=\"fusion-post-content post-content\"><h2 class=\"blog-shortcode-post-title entry-title\">Vacanze di Natale a Villa Pa\u010detina: magia invernale nel cuore di Zagorje<\/h2><div class=\"fusion-content-sep sep-double sep-solid\"><\/div><\/div><div class=\"fusion-meta-info\"><div class=\"fusion-alignleft\"><a class=\"fusion-read-more\" href=\"https:\/\/villa-pacetina.com\/it\/vacanze-di-natale-a-villa-pacetina-magia-invernale-nel-cuore-di-zagorje\/\" aria-label=\"More on Vacanze di Natale a Villa Pa\u010detina: magia invernale nel cuore di Zagorje\">Saznajte vi\u5206e...<\/a><\/div><\/div><\/div><div class=\"fusion-clearfix\"><\/div><\/div>\n<\/article>\n<div class=\"fusion-clearfix\"><\/div><\/div><\/div><\/div><\/div><div class=\"fusion-layout-column fusion_builder_column fusion-builder-column-12 fusion_builder_column_1_2 1_2 fusion-flex-column\" style=\"--awb-bg-size:cover;--awb-width-large:50%;--awb-margin-top-large:0px;--awb-spacing-right-large:0px;--awb-margin-bottom-large:20px;--awb-spacing-left-large:0px;--awb-width-medium:100%;--awb-order-medium:0;--awb-spacing-right-medium:0px;--awb-spacing-left-medium:0px;--awb-width-small:100%;--awb-order-small:0;--awb-spacing-right-small:0px;--awb-spacing-left-small:0px;\"><div class=\"fusion-column-wrapper fusion-column-has-shadow fusion-flex-justify-content-flex-start fusion-content-layout-column\"><div class=\"fusion-blog-shortcode fusion-blog-shortcode-2 fusion-blog-archive fusion-blog-layout-grid-wrapper fusion-blog-pagination\"><style type=\"text\/css\">.fusion-blog-shortcode-2 .fusion-blog-layout-grid .fusion-post-grid{padding:20px;}.fusion-blog-shortcode-2 .fusion-posts-container{margin-left: -20px !important; margin-right:-20px !important;}<\/style><div class=\"fusion-posts-container fusion-posts-container-pagination fusion-blog-rollover fusion-blog-layout-grid fusion-blog-layout-grid-2 isotope\" data-pages=\"3\" data-grid-col-space=\"40\" style=\"margin: -20px -20px 0;min-height:500px;\"><article id=\"blog-2-post-7475\" class=\"fusion-post-grid post-7475 post type-post status-publish format-standard has-post-thumbnail hentry category-non-categorizzato\">\n<div class=\"fusion-post-wrapper\" style=\"background-color:rgba(255,255,255,0);border:1px solid var(--awb-color2);border-bottom-width:3px;\">\n\n\t\t\t<div class=\"fusion-flexslider flexslider fusion-flexslider-loading fusion-post-slideshow\" style=\"border-color:var(--awb-color2);\">\n\t\t<ul class=\"slides\">\n\t\t\t\n\t\t\t\t\t\t\t\t\t\t\t\t\t\t<li><div  class=\"fusion-image-wrapper\" aria-haspopup=\"true\">\n\t\t\t\t<img decoding=\"async\" width=\"1024\" height=\"1024\" src=\"https:\/\/villa-pacetina.com\/wp-content\/uploads\/2025\/08\/ChatGPT-Image-Aug-26-2025-12_29_06-PM.png\" class=\"attachment-full size-full lazyload wp-post-image\" alt=\"ChatGPT Image Aug 26, 2025, 12 29 06 PM\" srcset=\"data:image\/svg+xml,%3Csvg%20xmlns%3D%27http%3A%2F%2Fwww.w3.org%2F2000%2Fsvg%27%20width%3D%271024%27%20height%3D%271024%27%20viewBox%3D%270%200%201024%201024%27%3E%3Crect%20width%3D%271024%27%20height%3D%271024%27%20fill-opacity%3D%220%22%2F%3E%3C%2Fsvg%3E\" data-orig-src=\"https:\/\/villa-pacetina.com\/wp-content\/uploads\/2025\/08\/ChatGPT-Image-Aug-26-2025-12_29_06-PM.png\" data-srcset=\"https:\/\/villa-pacetina.com\/wp-content\/uploads\/2025\/08\/ChatGPT-Image-Aug-26-2025-12_29_06-PM-200x200.png 200w, https:\/\/villa-pacetina.com\/wp-content\/uploads\/2025\/08\/ChatGPT-Image-Aug-26-2025-12_29_06-PM-400x400.png 400w, https:\/\/villa-pacetina.com\/wp-content\/uploads\/2025\/08\/ChatGPT-Image-Aug-26-2025-12_29_06-PM-600x600.png 600w, https:\/\/villa-pacetina.com\/wp-content\/uploads\/2025\/08\/ChatGPT-Image-Aug-26-2025-12_29_06-PM-800x800.png 800w, https:\/\/villa-pacetina.com\/wp-content\/uploads\/2025\/08\/ChatGPT-Image-Aug-26-2025-12_29_06-PM.png 1024w\" data-sizes=\"auto\" \/><div class=\"fusion-rollover\">\n\t<div class=\"fusion-rollover-content\">\n\n\t\t\t\t\t\t\t\t\t\t\n\t\t\t\t\t\t\t\t\t\t\t\t\t\t\n\t\t\t\t\t\t\t\t\n\t\t\t\t\t\t\t\t\n\t\t\t\t\t\t\t\t\t\t\t\t\t\t\t\t\t\t<a class=\"fusion-rollover-gallery\" href=\"https:\/\/villa-pacetina.com\/wp-content\/uploads\/2025\/08\/ChatGPT-Image-Aug-26-2025-12_29_06-PM.png\" data-id=\"7475\" data-rel=\"iLightbox[gallery]\" data-title=\"ChatGPT Image Aug 26, 2025, 12 29 06 PM\" data-caption=\"ChatGPT Image Aug 26, 2025, 12 29 06 PM\">\n\t\t\t\t\t\tGallery\t\t\t\t\t<\/a>\n\t\t\t\t\t\t\t\t\t\t\t\t\t\t\n\t\t\n\t\t\t\t\t\t\t\t\n\t\t\t\t\t\t\t\t\n\t\t\n\t\t\t\t\t\t<a class=\"fusion-link-wrapper\" href=\"https:\/\/villa-pacetina.com\/it\/residence-krapinske-toplice-uno-stile-di-vita-moderno-e-di-alta-qualita\/\" aria-label=\"Residence Krapinske Toplice \u2013 uno stile di vita moderno e di alta qualit\u00e0\"><\/a>\n\t<\/div>\n<\/div>\n<\/div>\n<\/li>\n\t\t\t\n\t\t\t\n\t\t\t\t\t\t\t\t\t\t\t\t\t\t\t\t\t\t\t\t\t\t\t\t\t\t\t\t\t\t\t\t\t\t\t\t\t\t\t\t\t\t\t\t\t\t\t\t\t\t\t\t\t\t\t\t\t\t\t\t\t\t\t\t\t\t\t\t<\/ul>\n\t<\/div>\n\t<div class=\"fusion-post-content-wrapper\" style=\"padding:30px 25px 25px 25px;\"><div class=\"fusion-post-content post-content\"><h2 class=\"blog-shortcode-post-title entry-title\">Residence Krapinske Toplice \u2013 uno stile di vita moderno e di alta qualit\u00e0<\/h2><div class=\"fusion-content-sep sep-double sep-solid\"><\/div><\/div><div class=\"fusion-meta-info\"><div class=\"fusion-alignleft\"><a class=\"fusion-read-more\" href=\"https:\/\/villa-pacetina.com\/it\/residence-krapinske-toplice-uno-stile-di-vita-moderno-e-di-alta-qualita\/\" aria-label=\"More on Residence Krapinske Toplice \u2013 uno stile di vita moderno e di alta qualit\u00e0\">Saznajte vi\u5206e...<\/a><\/div><\/div><\/div><div class=\"fusion-clearfix\"><\/div><\/div>\n<\/article>\n<article id=\"blog-2-post-7382\" class=\"fusion-post-grid post-7382 post type-post status-publish format-standard hentry category-non-categorizzato\">\n<div class=\"fusion-post-wrapper\" style=\"background-color:rgba(255,255,255,0);border:1px solid var(--awb-color2);border-bottom-width:3px;\">\n\n<div class=\"fusion-post-content-wrapper\" style=\"padding:30px 25px 25px 25px;\"><div class=\"fusion-post-content post-content\"><h2 class=\"blog-shortcode-post-title entry-title\">Villa Pa\u010detina vi porta in e-bike sulle verdi colline<\/h2><div class=\"fusion-content-sep sep-double sep-solid\"><\/div><\/div><div class=\"fusion-meta-info\"><div class=\"fusion-alignleft\"><a class=\"fusion-read-more\" href=\"https:\/\/villa-pacetina.com\/it\/villa-pacetina-vi-porta-in-e-bike-sulle-verdi-colline\/\" aria-label=\"More on Villa Pa\u010detina vi porta in e-bike sulle verdi colline\">Saznajte vi\u5206e...<\/a><\/div><\/div><\/div><div class=\"fusion-clearfix\"><\/div><\/div>\n<\/article>\n<article id=\"blog-2-post-7412\" class=\"fusion-post-grid post-7412 post type-post status-publish format-standard has-post-thumbnail hentry category-non-categorizzato\">\n<div class=\"fusion-post-wrapper\" style=\"background-color:rgba(255,255,255,0);border:1px solid var(--awb-color2);border-bottom-width:3px;\">\n\n\t\t\t<div class=\"fusion-flexslider flexslider fusion-flexslider-loading fusion-post-slideshow\" style=\"border-color:var(--awb-color2);\">\n\t\t<ul class=\"slides\">\n\t\t\t\n\t\t\t\t\t\t\t\t\t\t\t\t\t\t<li><div  class=\"fusion-image-wrapper\" aria-haspopup=\"true\">\n\t\t\t\t<img decoding=\"async\" width=\"2000\" height=\"1332\" src=\"https:\/\/villa-pacetina.com\/wp-content\/uploads\/2025\/05\/VillaPacetina35_Jurinec-photography_19052022-copy.jpg\" class=\"attachment-full size-full lazyload wp-post-image\" alt=\"\" srcset=\"data:image\/svg+xml,%3Csvg%20xmlns%3D%27http%3A%2F%2Fwww.w3.org%2F2000%2Fsvg%27%20width%3D%272000%27%20height%3D%271332%27%20viewBox%3D%270%200%202000%201332%27%3E%3Crect%20width%3D%272000%27%20height%3D%271332%27%20fill-opacity%3D%220%22%2F%3E%3C%2Fsvg%3E\" data-orig-src=\"https:\/\/villa-pacetina.com\/wp-content\/uploads\/2025\/05\/VillaPacetina35_Jurinec-photography_19052022-copy.jpg\" data-srcset=\"https:\/\/villa-pacetina.com\/wp-content\/uploads\/2025\/05\/VillaPacetina35_Jurinec-photography_19052022-copy-200x133.jpg 200w, https:\/\/villa-pacetina.com\/wp-content\/uploads\/2025\/05\/VillaPacetina35_Jurinec-photography_19052022-copy-400x266.jpg 400w, https:\/\/villa-pacetina.com\/wp-content\/uploads\/2025\/05\/VillaPacetina35_Jurinec-photography_19052022-copy-600x400.jpg 600w, https:\/\/villa-pacetina.com\/wp-content\/uploads\/2025\/05\/VillaPacetina35_Jurinec-photography_19052022-copy-800x533.jpg 800w, https:\/\/villa-pacetina.com\/wp-content\/uploads\/2025\/05\/VillaPacetina35_Jurinec-photography_19052022-copy-1200x799.jpg 1200w, https:\/\/villa-pacetina.com\/wp-content\/uploads\/2025\/05\/VillaPacetina35_Jurinec-photography_19052022-copy.jpg 2000w\" data-sizes=\"auto\" \/><div class=\"fusion-rollover\">\n\t<div class=\"fusion-rollover-content\">\n\n\t\t\t\t\t\t\t\t\t\t\n\t\t\t\t\t\t\t\t\t\t\t\t\t\t\n\t\t\t\t\t\t\t\t\n\t\t\t\t\t\t\t\t\n\t\t\t\t\t\t\t\t\t\t\t\t\t\t\t\t\t\t<a class=\"fusion-rollover-gallery\" href=\"https:\/\/villa-pacetina.com\/wp-content\/uploads\/2025\/05\/VillaPacetina35_Jurinec-photography_19052022-copy.jpg\" data-id=\"7412\" data-rel=\"iLightbox[gallery]\" data-title=\"VillaPacetina35_Jurinec-photography_19052022 copy\" data-caption=\"\">\n\t\t\t\t\t\tGallery\t\t\t\t\t<\/a>\n\t\t\t\t\t\t\t\t\t\t\t\t\t\t\n\t\t\n\t\t\t\t\t\t\t\t\n\t\t\t\t\t\t\t\t\n\t\t\n\t\t\t\t\t\t<a class=\"fusion-link-wrapper\" href=\"https:\/\/villa-pacetina.com\/it\/buongiorno-dal-cuore-dello-zagorje-macchina-nespresso-pixie\/\" aria-label=\"Buongiorno dal cuore dello Zagorje &#8211; Macchina Nespresso Pixie\"><\/a>\n\t<\/div>\n<\/div>\n<\/div>\n<\/li>\n\t\t\t\n\t\t\t\n\t\t\t\t\t\t\t\t\t\t\t\t\t\t\t\t\t\t\t\t\t\t\t\t\t\t\t\t\t\t\t\t\t\t\t\t\t\t\t\t\t\t\t\t\t\t\t\t\t\t\t\t\t\t\t\t\t\t\t\t\t\t\t\t\t\t\t\t<\/ul>\n\t<\/div>\n\t<div class=\"fusion-post-content-wrapper\" style=\"padding:30px 25px 25px 25px;\"><div class=\"fusion-post-content post-content\"><h2 class=\"blog-shortcode-post-title entry-title\">Buongiorno dal cuore dello Zagorje &#8211; Macchina Nespresso Pixie<\/h2><div class=\"fusion-content-sep sep-double sep-solid\"><\/div><\/div><div class=\"fusion-meta-info\"><div class=\"fusion-alignleft\"><a class=\"fusion-read-more\" href=\"https:\/\/villa-pacetina.com\/it\/buongiorno-dal-cuore-dello-zagorje-macchina-nespresso-pixie\/\" aria-label=\"More on Buongiorno dal cuore dello Zagorje &#8211; Macchina Nespresso Pixie\">Saznajte vi\u5206e...<\/a><\/div><\/div><\/div><div class=\"fusion-clearfix\"><\/div><\/div>\n<\/article>\n<article id=\"blog-2-post-6948\" class=\"fusion-post-grid post-6948 post type-post status-publish format-standard has-post-thumbnail hentry category-non-categorizzato\">\n<div class=\"fusion-post-wrapper\" style=\"background-color:rgba(255,255,255,0);border:1px solid var(--awb-color2);border-bottom-width:3px;\">\n\n\t\t\t<div class=\"fusion-flexslider flexslider fusion-flexslider-loading fusion-post-slideshow\" style=\"border-color:var(--awb-color2);\">\n\t\t<ul class=\"slides\">\n\t\t\t\n\t\t\t\t\t\t\t\t\t\t\t\t\t\t<li><div  class=\"fusion-image-wrapper\" aria-haspopup=\"true\">\n\t\t\t\t<img decoding=\"async\" width=\"2116\" height=\"1227\" src=\"data:image\/svg+xml,%3Csvg%20xmlns%3D%27http%3A%2F%2Fwww.w3.org%2F2000%2Fsvg%27%20width%3D%272116%27%20height%3D%271227%27%20viewBox%3D%270%200%202116%201227%27%3E%3Crect%20width%3D%272116%27%20height%3D%271227%27%20fill-opacity%3D%220%22%2F%3E%3C%2Fsvg%3E\" class=\"attachment-full size-full lazyload wp-post-image\" alt=\"\" data-orig-src=\"https:\/\/villa-pacetina.com\/wp-content\/uploads\/2024\/10\/Pacetina20_Jurinec-photography_20012024-copy-jpg.avif\" \/><div class=\"fusion-rollover\">\n\t<div class=\"fusion-rollover-content\">\n\n\t\t\t\t\t\t\t\t\t\t\n\t\t\t\t\t\t\t\t\t\t\t\t\t\t\n\t\t\t\t\t\t\t\t\n\t\t\t\t\t\t\t\t\n\t\t\t\t\t\t\t\t\t\t\t\t\t\t\t\t\t\t<a class=\"fusion-rollover-gallery\" href=\"https:\/\/villa-pacetina.com\/wp-content\/uploads\/2024\/10\/Pacetina20_Jurinec-photography_20012024-copy-jpg.avif\" data-id=\"6948\" data-rel=\"iLightbox[gallery]\" data-title=\"Pacetina20_Jurinec photography_20012024 copy\" data-caption=\"\">\n\t\t\t\t\t\tGallery\t\t\t\t\t<\/a>\n\t\t\t\t\t\t\t\t\t\t\t\t\t\t\n\t\t\n\t\t\t\t\t\t\t\t\n\t\t\t\t\t\t\t\t\n\t\t\n\t\t\t\t\t\t<a class=\"fusion-link-wrapper\" href=\"https:\/\/villa-pacetina.com\/it\/villa-pacetina-il-luogo-perfetto-per-un-teambuilding-indimenticabile\/\" aria-label=\"Villa Pa\u010detina: il luogo perfetto per un teambuilding indimenticabile\"><\/a>\n\t<\/div>\n<\/div>\n<\/div>\n<\/li>\n\t\t\t\n\t\t\t\n\t\t\t\t\t\t\t\t\t\t\t\t\t\t\t\t\t\t\t\t\t\t\t\t\t\t\t\t\t\t\t\t\t\t\t\t\t\t\t\t\t\t\t\t\t\t\t\t\t\t\t\t\t\t\t\t\t\t\t\t\t\t\t\t\t\t\t\t<\/ul>\n\t<\/div>\n\t<div class=\"fusion-post-content-wrapper\" style=\"padding:30px 25px 25px 25px;\"><div class=\"fusion-post-content post-content\"><h2 class=\"blog-shortcode-post-title entry-title\">Villa Pa\u010detina: il luogo perfetto per un teambuilding indimenticabile<\/h2><div class=\"fusion-content-sep sep-double sep-solid\"><\/div><\/div><div class=\"fusion-meta-info\"><div class=\"fusion-alignleft\"><a class=\"fusion-read-more\" href=\"https:\/\/villa-pacetina.com\/it\/villa-pacetina-il-luogo-perfetto-per-un-teambuilding-indimenticabile\/\" aria-label=\"More on Villa Pa\u010detina: il luogo perfetto per un teambuilding indimenticabile\">Saznajte vi\u5206e...<\/a><\/div><\/div><\/div><div class=\"fusion-clearfix\"><\/div><\/div>\n<\/article>\n<div class=\"fusion-clearfix\"><\/div><\/div><div class=\"pagination clearfix\"><span class=\"current\">1<\/span><a href=\"https:\/\/villa-pacetina.com\/it\/wp-json\/wp\/v2\/pages\/4339\/page\/2\/\" class=\"inactive\">2<\/a><a class=\"pagination-next\" rel=\"next\" href=\"https:\/\/villa-pacetina.com\/it\/wp-json\/wp\/v2\/pages\/4339\/page\/2\/\"><span class=\"page-text\">Next<\/span><span class=\"page-next\"><\/span><\/a><\/div><div class=\"fusion-clearfix\"><\/div><\/div><\/div><\/div><div class=\"fusion-layout-column fusion_builder_column fusion-builder-column-13 fusion_builder_column_1_2 1_2 fusion-flex-column fusion-no-medium-visibility fusion-no-large-visibility\" style=\"--awb-padding-top:0%;--awb-padding-right:5%;--awb-padding-bottom:5%;--awb-padding-left:5%;--awb-bg-size:cover;--awb-width-large:50%;--awb-margin-top-large:0px;--awb-spacing-right-large:0px;--awb-margin-bottom-large:20px;--awb-spacing-left-large:0px;--awb-width-medium:100%;--awb-order-medium:0;--awb-spacing-right-medium:0px;--awb-spacing-left-medium:0px;--awb-width-small:100%;--awb-order-small:0;--awb-spacing-right-small:0px;--awb-spacing-left-small:0px;\"><div class=\"fusion-column-wrapper fusion-column-has-shadow fusion-flex-justify-content-flex-start fusion-content-layout-column\"><div class=\"fusion-video fusion-selfhosted-video\" style=\"max-width:100%;\"><div class=\"video-wrapper\"><video playsinline=\"true\" width=\"100%\" style=\"object-fit: cover;\" autoplay=\"true\" muted=\"true\" loop=\"true\" preload=\"auto\"><source src=\"https:\/\/villa-pacetina.com\/wp-content\/uploads\/2023\/09\/IMG_4329-1-online-video-cutter.com-1.mp4\" type=\"video\/mp4\">Sorry, your browser doesn&#039;t support embedded videos.<\/video><\/div><\/div><\/div><\/div><\/div><\/div><div class=\"fusion-fullwidth fullwidth-box fusion-builder-row-6 fusion-flex-container has-pattern-background has-mask-background nonhundred-percent-fullwidth non-hundred-percent-height-scrolling\" style=\"--awb-background-position:left top;--awb-border-sizes-top:0px;--awb-border-sizes-bottom:0px;--awb-border-sizes-left:0px;--awb-border-sizes-right:0px;--awb-border-radius-top-left:0px;--awb-border-radius-top-right:0px;--awb-border-radius-bottom-right:0px;--awb-border-radius-bottom-left:0px;--awb-padding-top:50px;--awb-padding-bottom:80px;--awb-padding-top-medium:80px;--awb-padding-bottom-medium:48px;--awb-padding-top-small:0px;--awb-padding-bottom-small:40px;--awb-flex-wrap:wrap;\" ><div class=\"fusion-builder-row fusion-row fusion-flex-align-items-stretch fusion-flex-content-wrap\" style=\"max-width:calc( 1250px + 0px );margin-left: calc(-0px \/ 2 );margin-right: calc(-0px \/ 2 );\"><div class=\"fusion-layout-column fusion_builder_column fusion-builder-column-14 fusion_builder_column_3_5 3_5 fusion-flex-column fusion-no-medium-visibility fusion-no-large-visibility\" style=\"--awb-padding-top:40px;--awb-padding-right:40px;--awb-padding-bottom:40px;--awb-padding-left:40px;--awb-padding-top-small:10px;--awb-padding-right-small:10px;--awb-padding-bottom-small:10px;--awb-padding-left-small:10px;--awb-bg-color:var(--awb-color1);--awb-bg-color-hover:var(--awb-color1);--awb-bg-size:cover;--awb-border-color:var(--awb-color2);--awb-border-top:1px;--awb-border-right:1px;--awb-border-bottom:1px;--awb-border-left:1px;--awb-border-style:solid;--awb-width-large:60%;--awb-margin-top-large:0px;--awb-spacing-right-large:0px;--awb-margin-bottom-large:20px;--awb-spacing-left-large:0px;--awb-width-medium:100%;--awb-order-medium:0;--awb-spacing-right-medium:0px;--awb-spacing-left-medium:0px;--awb-width-small:100%;--awb-order-small:0;--awb-spacing-right-small:0px;--awb-spacing-left-small:0px;\"><div class=\"fusion-column-wrapper fusion-column-has-shadow fusion-flex-justify-content-flex-start fusion-content-layout-column\"><div class=\"fusion-image-element \" style=\"text-align:center;--awb-liftup-border-radius:0px;--awb-caption-title-font-family:var(--h2_typography-font-family);--awb-caption-title-font-weight:var(--h2_typography-font-weight);--awb-caption-title-font-style:var(--h2_typography-font-style);--awb-caption-title-size:var(--h2_typography-font-size);--awb-caption-title-transform:var(--h2_typography-text-transform);--awb-caption-title-line-height:var(--h2_typography-line-height);--awb-caption-title-letter-spacing:var(--h2_typography-letter-spacing);\"><div class=\"awb-image-frame awb-image-frame-4 imageframe-liftup\"><span class=\" fusion-imageframe imageframe-dropshadow imageframe-4\" style=\"border:13px solid var(--awb-color1);-webkit-box-shadow: 3px 3px 7px var(--awb-color3);box-shadow: 3px 3px 7px var(--awb-color3);\"><a class=\"fusion-no-lightbox\" href=\"https:\/\/villa-pacetina.com\/spa\/\" target=\"_blank\" aria-label=\"VillaPacetina43_Jurinec photography_19052022 copy\" rel=\"noopener noreferrer\"><img decoding=\"async\" width=\"1980\" height=\"1322\" src=\"https:\/\/villa-pacetina.com\/wp-content\/uploads\/2022\/09\/VillaPacetina43_Jurinec-photography_19052022-copy.jpg\" data-orig-src=\"https:\/\/villa-pacetina.com\/wp-content\/uploads\/2022\/09\/VillaPacetina43_Jurinec-photography_19052022-copy.jpg\" alt class=\"lazyload img-responsive wp-image-3162\" srcset=\"data:image\/svg+xml,%3Csvg%20xmlns%3D%27http%3A%2F%2Fwww.w3.org%2F2000%2Fsvg%27%20width%3D%271980%27%20height%3D%271322%27%20viewBox%3D%270%200%201980%201322%27%3E%3Crect%20width%3D%271980%27%20height%3D%271322%27%20fill-opacity%3D%220%22%2F%3E%3C%2Fsvg%3E\" data-srcset=\"https:\/\/villa-pacetina.com\/wp-content\/uploads\/2022\/09\/VillaPacetina43_Jurinec-photography_19052022-copy-200x134.jpg 200w, https:\/\/villa-pacetina.com\/wp-content\/uploads\/2022\/09\/VillaPacetina43_Jurinec-photography_19052022-copy-400x267.jpg 400w, https:\/\/villa-pacetina.com\/wp-content\/uploads\/2022\/09\/VillaPacetina43_Jurinec-photography_19052022-copy-600x401.jpg 600w, https:\/\/villa-pacetina.com\/wp-content\/uploads\/2022\/09\/VillaPacetina43_Jurinec-photography_19052022-copy-800x534.jpg 800w, https:\/\/villa-pacetina.com\/wp-content\/uploads\/2022\/09\/VillaPacetina43_Jurinec-photography_19052022-copy-1200x801.jpg 1200w, https:\/\/villa-pacetina.com\/wp-content\/uploads\/2022\/09\/VillaPacetina43_Jurinec-photography_19052022-copy.jpg 1980w\" data-sizes=\"auto\" data-orig-sizes=\"(max-width: 1024px) 100vw, (max-width: 640px) 100vw, 800px\" \/><\/a><\/span><\/div><\/div><\/div><\/div><div class=\"fusion-layout-column fusion_builder_column fusion-builder-column-15 fusion_builder_column_2_5 2_5 fusion-flex-column\" style=\"--awb-padding-right:20px;--awb-padding-left:20px;--awb-padding-right-small:10px;--awb-padding-left-small:10px;--awb-bg-position:right bottom;--awb-bg-blend:overlay;--awb-bg-size:cover;--awb-width-large:40%;--awb-margin-top-large:0px;--awb-spacing-right-large:0px;--awb-margin-bottom-large:20px;--awb-spacing-left-large:0px;--awb-width-medium:100%;--awb-order-medium:0;--awb-spacing-right-medium:0px;--awb-margin-bottom-medium:48px;--awb-spacing-left-medium:0px;--awb-width-small:100%;--awb-order-small:0;--awb-margin-top-small:30px;--awb-spacing-right-small:0px;--awb-spacing-left-small:0px;\"><div class=\"fusion-column-wrapper fusion-column-has-shadow fusion-flex-justify-content-center fusion-content-layout-column\"><div class=\"fusion-title title fusion-title-6 fusion-title-center fusion-title-text fusion-title-size-two\" style=\"--awb-margin-bottom:0px;--awb-margin-bottom-small:0px;--awb-margin-bottom-medium:0px;--awb-font-size:var(--awb-typography2-font-size);\"><div class=\"title-sep-container title-sep-container-left\"><div class=\"title-sep sep- sep-solid\" style=\"border-color:var(--awb-color3);\"><\/div><\/div><span class=\"awb-title-spacer\"><\/span><h2 class=\"fusion-title-heading title-heading-center fusion-responsive-typography-calculated\" style=\"font-family:var(--awb-typography2-font-family);font-weight:var(--awb-typography2-font-weight);font-style:var(--awb-typography2-font-style);margin:0;font-size:1em;letter-spacing:var(--awb-typography2-letter-spacing);text-transform:var(--awb-typography2-text-transform);--fontSize:13;--minFontSize:13;line-height:var(--awb-typography2-line-height);\">ZONA BENESSERE E SPA<\/h2><span class=\"awb-title-spacer\"><\/span><div class=\"title-sep-container title-sep-container-right\"><div class=\"title-sep sep- sep-solid\" style=\"border-color:var(--awb-color3);\"><\/div><\/div><\/div><div class=\"fusion-title title fusion-title-7 fusion-title-center fusion-title-text fusion-title-size-three\" style=\"--awb-margin-bottom-small:15px;--awb-font-size:46px;\"><div class=\"title-sep-container title-sep-container-left\"><div class=\"title-sep sep- sep-solid\" style=\"border-color:var(--awb-color3);\"><\/div><\/div><span class=\"awb-title-spacer\"><\/span><h3 class=\"fusion-title-heading title-heading-center fusion-responsive-typography-calculated\" style=\"margin:0;font-size:1em;--fontSize:46;line-height:var(--awb-typography1-line-height);\">Il vostro soggiorno a Villa Pa\u010detina<\/h3><span class=\"awb-title-spacer\"><\/span><div class=\"title-sep-container title-sep-container-right\"><div class=\"title-sep sep- sep-solid\" style=\"border-color:var(--awb-color3);\"><\/div><\/div><\/div><div class=\"fusion-separator\" style=\"align-self: center;margin-left: auto;margin-right: auto;margin-top:0px;margin-bottom:20px;width:100%;max-width:50px;\"><div class=\"fusion-separator-border sep-single sep-solid\" style=\"--awb-height:20px;--awb-amount:20px;--awb-sep-color:var(--awb-color4);border-color:var(--awb-color4);border-top-width:1px;\"><\/div><\/div><div class=\"fusion-text fusion-text-2\" style=\"--awb-content-alignment:center;\"><p>Ogni villa \u00e8 unica a modo suo. Siamo particolarmente orgogliosi della Villa 2 di nuova costruzione, che mette in risalto l&#8217;area SPA nella sua offerta. Contiene una vasca idromassaggio per 6 persone e una sauna. L&#8217;intera area SPA e il soggiorno sono collegati alla natura attraverso un&#8217;ampia vetrata apribile per tutta la lunghezza della villa. Cos\u00ec, in estate, Villa Nina ti offre una vacanza e un divertimento ideali.<\/p>\n<\/div><div class=\"accordian fusion-accordian\" style=\"--awb-border-size:1px;--awb-icon-size:30px;--awb-content-font-size:var(--awb-typography4-font-size);--awb-icon-alignment:left;--awb-hover-color:var(--awb-color2);--awb-border-color:var(--awb-color3);--awb-background-color:var(--awb-color1);--awb-divider-color:var(--awb-color3);--awb-divider-hover-color:var(--awb-color3);--awb-icon-color:var(--awb-color4);--awb-title-color:var(--awb-color8);--awb-content-color:var(--awb-color8);--awb-icon-box-color:var(--awb-color1);--awb-toggle-hover-accent-color:var(--awb-color5);--awb-title-font-family:var(--awb-typography1-font-family);--awb-title-font-weight:var(--awb-typography1-font-weight);--awb-title-font-style:var(--awb-typography1-font-style);--awb-title-font-size:24px;--awb-title-letter-spacing:var(--awb-typography1-letter-spacing);--awb-title-line-height:var(--awb-typography1-line-height);--awb-content-font-family:var(--awb-typography4-font-family);--awb-content-font-weight:var(--awb-typography4-font-weight);--awb-content-font-style:var(--awb-typography4-font-style);\"><div class=\"panel-group fusion-toggle-icon-boxed\" id=\"accordion-6948-1\"><div class=\"fusion-panel panel-default panel-1f4aa42bea20c6e31 fusion-toggle-has-divider\" style=\"--awb-title-color:var(--awb-color8);\"><div class=\"panel-heading\"><h3 class=\"panel-title toggle\" id=\"toggle_1f4aa42bea20c6e31\"><a aria-expanded=\"false\" aria-controls=\"1f4aa42bea20c6e31\" role=\"button\" data-toggle=\"collapse\" data-parent=\"#accordion-6948-1\" data-target=\"#1f4aa42bea20c6e31\" href=\"#1f4aa42bea20c6e31\"><span class=\"fusion-toggle-icon-wrapper\" aria-hidden=\"true\"><i class=\"fa-fusion-box active-icon fa-angle-double-up fas\" aria-hidden=\"true\"><\/i><i class=\"fa-fusion-box inactive-icon fa-plus fas\" aria-hidden=\"true\"><\/i><\/span><span class=\"fusion-toggle-heading\">Maggiori informazioni sulla zona SPA<\/span><\/a><\/h3><\/div><div id=\"1f4aa42bea20c6e31\" class=\"panel-collapse collapse \" aria-labelledby=\"toggle_1f4aa42bea20c6e31\"><div class=\"panel-body toggle-content fusion-clearfix\">\n<p style=\"text-align: center;\">L&#8217;area SPA di Villa Pa\u010detina vi offre l&#8217;opportunit\u00e0 di rilassarvi e riposare in una delle ville con il servizio di una massaggiatrice professionista che arriva direttamente nella vostra villa. Questo concetto unico ti consente di concederti relax e relax nel comfort della villa, senza la necessit\u00e0 di recarti al centro SPA. I massaggiatori professionisti sono esperti e formati in diversi tipi di massaggi, dal classico allo sportivo e al relax. Con il loro aiuto, puoi liberarti della tensione muscolare e migliorare la circolazione. Insomma, l&#8217;area SPA di Villa Pa\u010detina vi offre l&#8217;opportunit\u00e0 di rilassarvi e di concedere al vostro corpo il trattamento che merita.<\/p>\n<\/div><\/div><\/div><\/div><\/div><div class=\"fusion-separator fusion-full-width-sep\" style=\"align-self: center;margin-left: auto;margin-right: auto;margin-top:30px;width:100%;\"><\/div><div style=\"text-align:center;\"><a class=\"fusion-button button-flat button-large button-default fusion-button-default button-8 fusion-button-default-span \" style=\"--button-border-radius-top-left:0px;--button-border-radius-top-right:0px;--button-border-radius-bottom-right:0px;--button-border-radius-bottom-left:0px;\" target=\"_self\" href=\"https:\/\/villa-pacetina.com\/it\/ville\/villa-nina\/\"><span class=\"fusion-button-text fusion-button-text-right\">Ulteriori informazioni su VILLA NINA<\/span><span class=\"fusion-button-icon-divider button-icon-divider-right\"><i class=\"icon-hotel-angle-right-solid\" aria-hidden=\"true\"><\/i><\/span><\/a><\/div><\/div><\/div><div class=\"fusion-layout-column fusion_builder_column fusion-builder-column-16 fusion_builder_column_3_5 3_5 fusion-flex-column fusion-no-small-visibility\" style=\"--awb-padding-top:40px;--awb-padding-right:40px;--awb-padding-bottom:40px;--awb-padding-left:40px;--awb-padding-top-small:10px;--awb-padding-right-small:10px;--awb-padding-bottom-small:10px;--awb-padding-left-small:10px;--awb-bg-color:var(--awb-color1);--awb-bg-color-hover:var(--awb-color1);--awb-bg-size:cover;--awb-border-color:var(--awb-color2);--awb-border-top:1px;--awb-border-right:1px;--awb-border-bottom:1px;--awb-border-left:1px;--awb-border-style:solid;--awb-width-large:60%;--awb-margin-top-large:0px;--awb-spacing-right-large:0px;--awb-margin-bottom-large:20px;--awb-spacing-left-large:0px;--awb-width-medium:100%;--awb-order-medium:0;--awb-spacing-right-medium:0px;--awb-spacing-left-medium:0px;--awb-width-small:100%;--awb-order-small:0;--awb-spacing-right-small:0px;--awb-spacing-left-small:0px;\"><div class=\"fusion-column-wrapper fusion-column-has-shadow fusion-flex-justify-content-flex-start fusion-content-layout-column\"><div class=\"fusion-image-element \" style=\"text-align:center;--awb-liftup-border-radius:0px;--awb-caption-title-font-family:var(--h2_typography-font-family);--awb-caption-title-font-weight:var(--h2_typography-font-weight);--awb-caption-title-font-style:var(--h2_typography-font-style);--awb-caption-title-size:var(--h2_typography-font-size);--awb-caption-title-transform:var(--h2_typography-text-transform);--awb-caption-title-line-height:var(--h2_typography-line-height);--awb-caption-title-letter-spacing:var(--h2_typography-letter-spacing);\"><div class=\"awb-image-frame awb-image-frame-5 imageframe-liftup\"><span class=\" fusion-imageframe imageframe-dropshadow imageframe-5\" style=\"border:13px solid var(--awb-color1);-webkit-box-shadow: 3px 3px 7px var(--awb-color3);box-shadow: 3px 3px 7px var(--awb-color3);\"><a class=\"fusion-no-lightbox\" href=\"https:\/\/villa-pacetina.com\/spa\/\" target=\"_blank\" aria-label=\"VillaPacetina43_Jurinec photography_19052022 copy\" rel=\"noopener noreferrer\"><img decoding=\"async\" width=\"1980\" height=\"1322\" src=\"https:\/\/villa-pacetina.com\/wp-content\/uploads\/2022\/09\/VillaPacetina43_Jurinec-photography_19052022-copy.jpg\" data-orig-src=\"https:\/\/villa-pacetina.com\/wp-content\/uploads\/2022\/09\/VillaPacetina43_Jurinec-photography_19052022-copy.jpg\" alt class=\"lazyload img-responsive wp-image-3162\" srcset=\"data:image\/svg+xml,%3Csvg%20xmlns%3D%27http%3A%2F%2Fwww.w3.org%2F2000%2Fsvg%27%20width%3D%271980%27%20height%3D%271322%27%20viewBox%3D%270%200%201980%201322%27%3E%3Crect%20width%3D%271980%27%20height%3D%271322%27%20fill-opacity%3D%220%22%2F%3E%3C%2Fsvg%3E\" data-srcset=\"https:\/\/villa-pacetina.com\/wp-content\/uploads\/2022\/09\/VillaPacetina43_Jurinec-photography_19052022-copy-200x134.jpg 200w, https:\/\/villa-pacetina.com\/wp-content\/uploads\/2022\/09\/VillaPacetina43_Jurinec-photography_19052022-copy-400x267.jpg 400w, https:\/\/villa-pacetina.com\/wp-content\/uploads\/2022\/09\/VillaPacetina43_Jurinec-photography_19052022-copy-600x401.jpg 600w, https:\/\/villa-pacetina.com\/wp-content\/uploads\/2022\/09\/VillaPacetina43_Jurinec-photography_19052022-copy-800x534.jpg 800w, https:\/\/villa-pacetina.com\/wp-content\/uploads\/2022\/09\/VillaPacetina43_Jurinec-photography_19052022-copy-1200x801.jpg 1200w, https:\/\/villa-pacetina.com\/wp-content\/uploads\/2022\/09\/VillaPacetina43_Jurinec-photography_19052022-copy.jpg 1980w\" data-sizes=\"auto\" data-orig-sizes=\"(max-width: 1024px) 100vw, (max-width: 640px) 100vw, 800px\" \/><\/a><\/span><\/div><\/div><\/div><\/div><\/div><\/div><div class=\"fusion-fullwidth fullwidth-box fusion-builder-row-7 fusion-flex-container has-pattern-background has-mask-background nonhundred-percent-fullwidth non-hundred-percent-height-scrolling\" style=\"--awb-border-radius-top-left:0px;--awb-border-radius-top-right:0px;--awb-border-radius-bottom-right:0px;--awb-border-radius-bottom-left:0px;--awb-flex-wrap:wrap;\" ><div class=\"fusion-builder-row fusion-row fusion-flex-align-items-flex-start fusion-flex-content-wrap\" style=\"max-width:1300px;margin-left: calc(-4% \/ 2 );margin-right: calc(-4% \/ 2 );\"><div class=\"fusion-layout-column fusion_builder_column fusion-builder-column-17 fusion_builder_column_1_1 1_1 fusion-flex-column\" style=\"--awb-bg-size:cover;--awb-width-large:100%;--awb-margin-top-large:0px;--awb-spacing-right-large:1.92%;--awb-margin-bottom-large:20px;--awb-spacing-left-large:1.92%;--awb-width-medium:100%;--awb-order-medium:0;--awb-spacing-right-medium:1.92%;--awb-spacing-left-medium:1.92%;--awb-width-small:100%;--awb-order-small:0;--awb-spacing-right-small:1.92%;--awb-spacing-left-small:1.92%;\"><div class=\"fusion-column-wrapper fusion-column-has-shadow fusion-flex-justify-content-flex-start fusion-content-layout-column\"><\/div><\/div><\/div><\/div><div class=\"fusion-fullwidth fullwidth-box fusion-builder-row-8 fusion-flex-container has-pattern-background has-mask-background nonhundred-percent-fullwidth non-hundred-percent-height-scrolling fusion-no-small-visibility\" style=\"--awb-background-position:left top;--awb-border-sizes-top:0px;--awb-border-sizes-bottom:0px;--awb-border-sizes-left:0px;--awb-border-sizes-right:0px;--awb-border-radius-top-left:0px;--awb-border-radius-top-right:0px;--awb-border-radius-bottom-right:0px;--awb-border-radius-bottom-left:0px;--awb-padding-top:0px;--awb-padding-bottom:100px;--awb-padding-bottom-medium:40px;--awb-padding-bottom-small:60px;--awb-flex-wrap:wrap;\" ><div class=\"fusion-builder-row fusion-row fusion-flex-align-items-stretch fusion-flex-content-wrap\" style=\"max-width:calc( 1250px + 0px );margin-left: calc(-0px \/ 2 );margin-right: calc(-0px \/ 2 );\"><div class=\"fusion-layout-column fusion_builder_column fusion-builder-column-18 fusion_builder_column_1_3 1_3 fusion-flex-column fusion-no-small-visibility\" style=\"--awb-bg-blend:overlay;--awb-bg-size:cover;--awb-width-large:33.333333333333%;--awb-margin-top-large:0px;--awb-spacing-right-large:0px;--awb-margin-bottom-large:20px;--awb-spacing-left-large:0px;--awb-width-medium:25%;--awb-order-medium:0;--awb-spacing-right-medium:0px;--awb-spacing-left-medium:0px;--awb-width-small:100%;--awb-order-small:0;--awb-spacing-right-small:0px;--awb-spacing-left-small:0px;\"><div class=\"fusion-column-wrapper lazyload fusion-column-has-shadow fusion-flex-justify-content-flex-start fusion-content-layout-column fusion-empty-column-bg-image fusion-column-has-bg-image\" data-bg-url=\"https:\/\/villa-pacetina.com\/wp-content\/uploads\/2022\/09\/VillaPacetina177_Jurinec-photography_19052022-copy-e1675256192382.jpg\" data-bg=\"https:\/\/villa-pacetina.com\/wp-content\/uploads\/2022\/09\/VillaPacetina177_Jurinec-photography_19052022-copy-e1675256192382.jpg\"><img decoding=\"async\" class=\"fusion-empty-dims-img-placeholder fusion-no-large-visibility fusion-no-medium-visibility\" src=\"data:image\/svg+xml,%3Csvg%20xmlns%3D%27http%3A%2F%2Fwww.w3.org%2F2000%2Fsvg%27%20width%3D%271000%27%20height%3D%27667%27%20viewBox%3D%270%200%201000%20667%27%3E%3Crect%20width%3D%271000%27%20height%3D%27667%27%20fill-opacity%3D%220%22%2F%3E%3C%2Fsvg%3E\"><\/div><\/div><div class=\"fusion-layout-column fusion_builder_column fusion-builder-column-19 fusion_builder_column_1_3 1_3 fusion-flex-column fusion-no-small-visibility\" style=\"--awb-padding-top:50px;--awb-padding-right:40px;--awb-padding-bottom:40px;--awb-padding-left:40px;--awb-padding-top-medium:60px;--awb-padding-right-medium:60px;--awb-padding-bottom-medium:60px;--awb-padding-left-medium:60px;--awb-padding-top-small:20px;--awb-padding-right-small:20px;--awb-padding-bottom-small:20px;--awb-padding-left-small:20px;--awb-bg-color:var(--awb-color7);--awb-bg-color-hover:var(--awb-color7);--awb-bg-size:cover;--awb-width-large:33.333333333333%;--awb-margin-top-large:0px;--awb-spacing-right-large:0px;--awb-margin-bottom-large:20px;--awb-spacing-left-large:0px;--awb-width-medium:50%;--awb-order-medium:0;--awb-spacing-right-medium:0px;--awb-spacing-left-medium:0px;--awb-width-small:100%;--awb-order-small:0;--awb-spacing-right-small:0px;--awb-margin-bottom-small:0px;--awb-spacing-left-small:0px;\"><div class=\"fusion-column-wrapper fusion-column-has-shadow fusion-flex-justify-content-flex-start fusion-content-layout-column\"><div class=\"fusion-text fusion-text-3\" style=\"--awb-content-alignment:center;--awb-text-color:var(--awb-color3);\"><p><em>Stile di vita frenetico? Programma giornaliero congestionato? Sei stanco e hai bisogno di una pausa? Villa Pa\u010detina \u00e8 il modo giusto per rilassarsi, dedicarsi e riposare il corpo e l&#8217;anima.<\/em><\/p>\n<\/div><div class=\"fusion-text fusion-text-4\" style=\"--awb-content-alignment:center;--awb-font-size:13px;--awb-line-height:22px;--awb-letter-spacing:4px;--awb-text-color:var(--awb-color4);\"><p>VILLA PA\u010cETINA<\/p>\n<\/div><\/div><\/div><div class=\"fusion-layout-column fusion_builder_column fusion-builder-column-20 fusion_builder_column_1_3 1_3 fusion-flex-column fusion-no-small-visibility\" style=\"--awb-bg-position:right top;--awb-bg-blend:overlay;--awb-bg-size:cover;--awb-width-large:33.333333333333%;--awb-margin-top-large:0px;--awb-spacing-right-large:0px;--awb-margin-bottom-large:20px;--awb-spacing-left-large:0px;--awb-width-medium:25%;--awb-order-medium:0;--awb-spacing-right-medium:0px;--awb-spacing-left-medium:0px;--awb-width-small:100%;--awb-order-small:0;--awb-spacing-right-small:0px;--awb-margin-bottom-small:0px;--awb-spacing-left-small:0px;\"><div class=\"fusion-column-wrapper lazyload fusion-column-has-shadow fusion-flex-justify-content-flex-start fusion-content-layout-column fusion-empty-column-bg-image fusion-column-has-bg-image\" data-bg-url=\"https:\/\/villa-pacetina.com\/wp-content\/uploads\/2022\/09\/VillaPacetina172_Jurinec-photography_19052022-copy-e1675256153592.jpg\" data-bg=\"https:\/\/villa-pacetina.com\/wp-content\/uploads\/2022\/09\/VillaPacetina172_Jurinec-photography_19052022-copy-e1675256153592.jpg\"><img decoding=\"async\" class=\"fusion-empty-dims-img-placeholder fusion-no-large-visibility fusion-no-medium-visibility\" src=\"data:image\/svg+xml,%3Csvg%20xmlns%3D%27http%3A%2F%2Fwww.w3.org%2F2000%2Fsvg%27%20width%3D%271000%27%20height%3D%27667%27%20viewBox%3D%270%200%201000%20667%27%3E%3Crect%20width%3D%271000%27%20height%3D%27667%27%20fill-opacity%3D%220%22%2F%3E%3C%2Fsvg%3E\"><\/div><\/div><\/div><\/div><div class=\"fusion-fullwidth fullwidth-box fusion-builder-row-9 fusion-flex-container has-pattern-background has-mask-background nonhundred-percent-fullwidth non-hundred-percent-height-scrolling\" style=\"--awb-background-position:left top;--awb-border-sizes-top:0px;--awb-border-sizes-bottom:0px;--awb-border-sizes-left:0px;--awb-border-sizes-right:0px;--awb-border-radius-top-left:0px;--awb-border-radius-top-right:0px;--awb-border-radius-bottom-right:0px;--awb-border-radius-bottom-left:0px;--awb-padding-top:0px;--awb-padding-bottom:5px;--awb-padding-bottom-medium:2px;--awb-flex-wrap:wrap;\" ><div class=\"fusion-builder-row fusion-row fusion-flex-align-items-flex-start fusion-flex-content-wrap\" style=\"max-width:calc( 1250px + 0px );margin-left: calc(-0px \/ 2 );margin-right: calc(-0px \/ 2 );\"><div class=\"fusion-layout-column fusion_builder_column fusion-builder-column-21 fusion_builder_column_1_1 1_1 fusion-flex-column fusion-flex-align-self-flex-start fusion-column-no-min-height\" style=\"--awb-bg-blend:overlay;--awb-bg-size:cover;--awb-width-large:100%;--awb-margin-top-large:0px;--awb-spacing-right-large:0px;--awb-margin-bottom-large:0px;--awb-spacing-left-large:0px;--awb-width-medium:100%;--awb-spacing-right-medium:0px;--awb-spacing-left-medium:0px;--awb-width-small:100%;--awb-spacing-right-small:0px;--awb-spacing-left-small:0px;\"><div class=\"fusion-column-wrapper fusion-flex-justify-content-flex-start fusion-content-layout-column\"><style type='text\/css'>.reading-box-container-1 .element-bottomshadow:before,.reading-box-container-1 .element-bottomshadow:after{opacity:0.5;}<\/style><div class=\"fusion-reading-box-container reading-box-container-1\" style=\"--awb-title-color:var(--awb-color8);--awb-margin-top:0px;--awb-margin-bottom:60px;\"><div class=\"reading-box reading-box-center\" style=\"background-color:var(--awb-color1);border-width:1px;border-color:var(--awb-color2);border-top-width:3px;border-top-color:var(--primary_color);border-style:solid;\"><h2><strong><em>Divertiti<\/em><\/strong> e <strong><em>riposati<\/em><\/strong> in una delle ville<\/h2><div class=\"reading-box-description fusion-reading-box-additional\">Scegli una delle nostre ville e regala a te e ai tuoi cari la vacanza che meriti!<\/div><div class=\"fusion-clearfix\"><\/div><a class=\"button fusion-button button-default fusion-button-large button-large button-flat fusion-mobile-button continue-center\" style=\"-webkit-box-shadow:none;-moz-box-shadow:none;box-shadow:none;border-radius:0px 0px 0px 0px\" href=\"https:\/\/villa-pacetina.com\/it\/ville\/\" target=\"_self\"><span>prenotare l&apos;alloggio<\/span><\/a><\/div><\/div><\/div><\/div><\/div><\/div><div class=\"fusion-fullwidth fullwidth-box fusion-builder-row-10 fusion-flex-container has-pattern-background has-mask-background nonhundred-percent-fullwidth non-hundred-percent-height-scrolling fusion-no-small-visibility\" style=\"--awb-background-position:left top;--awb-border-sizes-top:0px;--awb-border-sizes-bottom:0px;--awb-border-sizes-left:0px;--awb-border-sizes-right:0px;--awb-border-radius-top-left:0px;--awb-border-radius-top-right:0px;--awb-border-radius-bottom-right:0px;--awb-border-radius-bottom-left:0px;--awb-padding-top:20px;--awb-padding-bottom:20px;--awb-padding-bottom-medium:48px;--awb-flex-wrap:wrap;\" ><div class=\"fusion-builder-row fusion-row fusion-flex-align-items-stretch fusion-flex-content-wrap\" style=\"max-width:calc( 1250px + 0px );margin-left: calc(-0px \/ 2 );margin-right: calc(-0px \/ 2 );\"><div class=\"fusion-layout-column fusion_builder_column fusion-builder-column-22 fusion_builder_column_3_5 3_5 fusion-flex-column\" style=\"--awb-padding-top:40px;--awb-padding-right:40px;--awb-padding-bottom:40px;--awb-padding-left:40px;--awb-bg-color:var(--awb-color1);--awb-bg-color-hover:var(--awb-color1);--awb-bg-size:cover;--awb-border-color:var(--awb-color2);--awb-border-top:1px;--awb-border-right:1px;--awb-border-bottom:1px;--awb-border-left:1px;--awb-border-style:solid;--awb-width-large:60%;--awb-margin-top-large:0px;--awb-spacing-right-large:0px;--awb-margin-bottom-large:20px;--awb-spacing-left-large:0px;--awb-width-medium:100%;--awb-spacing-right-medium:0px;--awb-margin-bottom-medium:48px;--awb-spacing-left-medium:0px;--awb-width-small:100%;--awb-spacing-right-small:0px;--awb-spacing-left-small:0px;\"><div class=\"fusion-column-wrapper fusion-flex-justify-content-flex-start fusion-content-layout-column\"><div class=\"fusion-image-element \" style=\"text-align:center;--awb-liftup-border-radius:0px;--awb-caption-title-font-family:var(--h2_typography-font-family);--awb-caption-title-font-weight:var(--h2_typography-font-weight);--awb-caption-title-font-style:var(--h2_typography-font-style);--awb-caption-title-size:var(--h2_typography-font-size);--awb-caption-title-transform:var(--h2_typography-text-transform);--awb-caption-title-line-height:var(--h2_typography-line-height);--awb-caption-title-letter-spacing:var(--h2_typography-letter-spacing);\"><div class=\"awb-image-frame awb-image-frame-6 imageframe-liftup\"><span class=\" fusion-imageframe imageframe-dropshadow imageframe-6\" style=\"border:13px solid var(--awb-color1);-webkit-box-shadow: 3px 3px 7px var(--awb-color3);box-shadow: 3px 3px 7px var(--awb-color3);\"><a class=\"fusion-no-lightbox\" href=\"https:\/\/villa-pacetina.com\/dining\/\" target=\"_blank\" aria-label=\"VillaPacetina66_Jurinec-photography_19052022-copy copy\" rel=\"noopener noreferrer\"><img decoding=\"async\" width=\"1000\" height=\"666\" src=\"https:\/\/villa-pacetina.com\/wp-content\/uploads\/2022\/09\/VillaPacetina66_Jurinec-photography_19052022-copy-copy.jpg\" data-orig-src=\"https:\/\/villa-pacetina.com\/wp-content\/uploads\/2022\/09\/VillaPacetina66_Jurinec-photography_19052022-copy-copy.jpg\" alt class=\"lazyload img-responsive wp-image-3384\" srcset=\"data:image\/svg+xml,%3Csvg%20xmlns%3D%27http%3A%2F%2Fwww.w3.org%2F2000%2Fsvg%27%20width%3D%271000%27%20height%3D%27666%27%20viewBox%3D%270%200%201000%20666%27%3E%3Crect%20width%3D%271000%27%20height%3D%27666%27%20fill-opacity%3D%220%22%2F%3E%3C%2Fsvg%3E\" data-srcset=\"https:\/\/villa-pacetina.com\/wp-content\/uploads\/2022\/09\/VillaPacetina66_Jurinec-photography_19052022-copy-copy-200x133.jpg 200w, https:\/\/villa-pacetina.com\/wp-content\/uploads\/2022\/09\/VillaPacetina66_Jurinec-photography_19052022-copy-copy-400x266.jpg 400w, https:\/\/villa-pacetina.com\/wp-content\/uploads\/2022\/09\/VillaPacetina66_Jurinec-photography_19052022-copy-copy-600x400.jpg 600w, https:\/\/villa-pacetina.com\/wp-content\/uploads\/2022\/09\/VillaPacetina66_Jurinec-photography_19052022-copy-copy-800x533.jpg 800w, https:\/\/villa-pacetina.com\/wp-content\/uploads\/2022\/09\/VillaPacetina66_Jurinec-photography_19052022-copy-copy.jpg 1000w\" data-sizes=\"auto\" data-orig-sizes=\"(max-width: 1024px) 100vw, (max-width: 640px) 100vw, 800px\" \/><\/a><\/span><\/div><\/div><\/div><\/div><div class=\"fusion-layout-column fusion_builder_column fusion-builder-column-23 fusion_builder_column_2_5 2_5 fusion-flex-column\" style=\"--awb-padding-right:50px;--awb-padding-left:50px;--awb-bg-position:right bottom;--awb-bg-blend:overlay;--awb-bg-size:cover;--awb-width-large:40%;--awb-margin-top-large:0px;--awb-spacing-right-large:0px;--awb-margin-bottom-large:20px;--awb-spacing-left-large:0px;--awb-width-medium:100%;--awb-spacing-right-medium:0px;--awb-spacing-left-medium:0px;--awb-width-small:100%;--awb-spacing-right-small:0px;--awb-spacing-left-small:0px;\"><div class=\"fusion-column-wrapper fusion-flex-justify-content-center fusion-content-layout-column\"><div class=\"fusion-title title fusion-title-8 fusion-title-center fusion-title-text fusion-title-size-two\" style=\"--awb-margin-bottom:0px;--awb-margin-bottom-small:0px;--awb-margin-bottom-medium:0px;--awb-font-size:var(--awb-typography2-font-size);\"><div class=\"title-sep-container title-sep-container-left\"><div class=\"title-sep sep- sep-solid\" style=\"border-color:var(--awb-color3);\"><\/div><\/div><span class=\"awb-title-spacer\"><\/span><h2 class=\"fusion-title-heading title-heading-center fusion-responsive-typography-calculated\" style=\"font-family:var(--awb-typography2-font-family);font-weight:var(--awb-typography2-font-weight);font-style:var(--awb-typography2-font-style);margin:0;font-size:1em;letter-spacing:var(--awb-typography2-letter-spacing);text-transform:var(--awb-typography2-text-transform);--fontSize:13;--minFontSize:13;line-height:var(--awb-typography2-line-height);\">Cucina all&#8217;aperto<\/h2><span class=\"awb-title-spacer\"><\/span><div class=\"title-sep-container title-sep-container-right\"><div class=\"title-sep sep- sep-solid\" style=\"border-color:var(--awb-color3);\"><\/div><\/div><\/div><div class=\"fusion-title title fusion-title-9 fusion-title-center fusion-title-text fusion-title-size-three\" style=\"--awb-margin-bottom-small:15px;--awb-font-size:46px;\"><div class=\"title-sep-container title-sep-container-left\"><div class=\"title-sep sep- sep-solid\" style=\"border-color:var(--awb-color3);\"><\/div><\/div><span class=\"awb-title-spacer\"><\/span><h3 class=\"fusion-title-heading title-heading-center fusion-responsive-typography-calculated\" style=\"margin:0;font-size:1em;--fontSize:46;line-height:var(--awb-typography1-line-height);\">Per buongustai<\/h3><span class=\"awb-title-spacer\"><\/span><div class=\"title-sep-container title-sep-container-right\"><div class=\"title-sep sep- sep-solid\" style=\"border-color:var(--awb-color3);\"><\/div><\/div><\/div><div class=\"fusion-separator\" style=\"align-self: center;margin-left: auto;margin-right: auto;margin-top:0px;margin-bottom:20px;width:100%;max-width:50px;\"><div class=\"fusion-separator-border sep-single sep-solid\" style=\"--awb-height:20px;--awb-amount:20px;--awb-sep-color:var(--awb-color4);border-color:var(--awb-color4);border-top-width:1px;\"><\/div><\/div><div class=\"fusion-text fusion-text-5\" style=\"--awb-content-alignment:center;\"><p>Poich\u00e9 trascorriamo gran parte delle nostre vacanze all&#8217;aperto, questa Villa Lara vi offre un meraviglioso cortile con terrazza attrezzata e coperta per otto persone. C&#8217;\u00e8 anche una cucina esterna con allaccio a gas e mobili da giardino sulla terrazza.<\/p>\n<p>Nelle ore serali, la terrazza offre una nuova esperienza di godimento, attraverso l&#8217;illuminazione indiretta della terrazza e dell&#8217;ambiente circostante.<\/p>\n<\/div><div class=\"fusion-separator fusion-full-width-sep\" style=\"align-self: center;margin-left: auto;margin-right: auto;margin-top:12px;width:100%;\"><\/div><div style=\"text-align:center;\"><a class=\"fusion-button button-flat button-large button-default fusion-button-default button-9 fusion-button-default-span \" style=\"--button-border-radius-top-left:0px;--button-border-radius-top-right:0px;--button-border-radius-bottom-right:0px;--button-border-radius-bottom-left:0px;\" target=\"_self\" href=\"https:\/\/villa-pacetina.com\/it\/ville\/villa-lara\/\"><span class=\"fusion-button-text fusion-button-text-right\">Ulteriori informazioni su VILLA LARA<\/span><span class=\"fusion-button-icon-divider button-icon-divider-right\"><i class=\"icon-hotel-angle-right-solid\" aria-hidden=\"true\"><\/i><\/span><\/a><\/div><\/div><\/div><\/div><\/div><div class=\"fusion-fullwidth fullwidth-box fusion-builder-row-11 fusion-flex-container has-pattern-background has-mask-background nonhundred-percent-fullwidth non-hundred-percent-height-scrolling\" style=\"--awb-background-position:left top;--awb-border-sizes-top:0px;--awb-border-sizes-bottom:0px;--awb-border-sizes-left:0px;--awb-border-sizes-right:0px;--awb-border-radius-top-left:0px;--awb-border-radius-top-right:0px;--awb-border-radius-bottom-right:0px;--awb-border-radius-bottom-left:0px;--awb-padding-top:60px;--awb-padding-bottom:40px;--awb-padding-top-medium:80px;--awb-padding-bottom-medium:0px;--awb-padding-top-small:40px;--awb-padding-bottom-small:0px;--awb-flex-wrap:wrap;\" ><div class=\"fusion-builder-row fusion-row fusion-flex-align-items-stretch fusion-flex-content-wrap\" style=\"max-width:calc( 1250px + 0px );margin-left: calc(-0px \/ 2 );margin-right: calc(-0px \/ 2 );\"><div class=\"fusion-layout-column fusion_builder_column fusion-builder-column-24 fusion_builder_column_1_1 1_1 fusion-flex-column fusion-flex-align-self-flex-start fusion-column-no-min-height\" style=\"--awb-bg-blend:overlay;--awb-bg-size:cover;--awb-width-large:100%;--awb-margin-top-large:0px;--awb-spacing-right-large:0px;--awb-margin-bottom-large:0px;--awb-spacing-left-large:0px;--awb-width-medium:100%;--awb-spacing-right-medium:0px;--awb-spacing-left-medium:0px;--awb-width-small:100%;--awb-spacing-right-small:0px;--awb-spacing-left-small:0px;\"><div class=\"fusion-column-wrapper fusion-flex-justify-content-flex-start fusion-content-layout-column\"><div class=\"fusion-title title fusion-title-10 fusion-title-center fusion-title-text fusion-title-size-two\" style=\"--awb-margin-bottom:0px;--awb-margin-bottom-small:0px;--awb-margin-bottom-medium:0px;--awb-font-size:var(--awb-typography2-font-size);\"><div class=\"title-sep-container title-sep-container-left\"><div class=\"title-sep sep- sep-solid\" style=\"border-color:var(--awb-color3);\"><\/div><\/div><span class=\"awb-title-spacer\"><\/span><h2 class=\"fusion-title-heading title-heading-center fusion-responsive-typography-calculated\" style=\"font-family:var(--awb-typography2-font-family);font-weight:var(--awb-typography2-font-weight);font-style:var(--awb-typography2-font-style);margin:0;font-size:1em;letter-spacing:var(--awb-typography2-letter-spacing);text-transform:var(--awb-typography2-text-transform);--fontSize:13;--minFontSize:13;line-height:var(--awb-typography2-line-height);\">VILLE PA\u010cETINA<\/h2><span class=\"awb-title-spacer\"><\/span><div class=\"title-sep-container title-sep-container-right\"><div class=\"title-sep sep- sep-solid\" style=\"border-color:var(--awb-color3);\"><\/div><\/div><\/div><div class=\"fusion-title title fusion-title-11 fusion-title-center fusion-title-text fusion-title-size-three\" style=\"--awb-margin-bottom-small:15px;--awb-font-size:46px;\"><div class=\"title-sep-container title-sep-container-left\"><div class=\"title-sep sep- sep-solid\" style=\"border-color:var(--awb-color3);\"><\/div><\/div><span class=\"awb-title-spacer\"><\/span><h3 class=\"fusion-title-heading title-heading-center fusion-responsive-typography-calculated\" style=\"margin:0;font-size:1em;--fontSize:46;line-height:var(--awb-typography1-line-height);\">Strutture nella struttura ricettiva<\/h3><span class=\"awb-title-spacer\"><\/span><div class=\"title-sep-container title-sep-container-right\"><div class=\"title-sep sep- sep-solid\" style=\"border-color:var(--awb-color3);\"><\/div><\/div><\/div><div class=\"fusion-separator fusion-no-small-visibility\" style=\"align-self: center;margin-left: auto;margin-right: auto;margin-top:0px;margin-bottom:65px;width:100%;max-width:50px;\"><div class=\"fusion-separator-border sep-single sep-solid\" style=\"--awb-height:20px;--awb-amount:20px;--awb-sep-color:var(--awb-color4);border-color:var(--awb-color4);border-top-width:1px;\"><\/div><\/div><div class=\"fusion-separator fusion-no-medium-visibility fusion-no-large-visibility\" style=\"align-self: center;margin-left: auto;margin-right: auto;margin-top:0px;margin-bottom:35px;width:100%;max-width:50px;\"><div class=\"fusion-separator-border sep-single sep-solid\" style=\"--awb-height:20px;--awb-amount:20px;--awb-sep-color:var(--awb-color4);border-color:var(--awb-color4);border-top-width:1px;\"><\/div><\/div><\/div><\/div><div class=\"fusion-layout-column fusion_builder_column fusion-builder-column-25 fusion_builder_column_1_1 1_1 fusion-flex-column fusion-flex-align-self-flex-start fusion-column-no-min-height\" style=\"--awb-padding-right-small:12%;--awb-padding-bottom-small:50px;--awb-padding-left-small:40px;--awb-bg-blend:overlay;--awb-bg-size:cover;--awb-width-large:100%;--awb-margin-top-large:0px;--awb-spacing-right-large:0px;--awb-margin-bottom-large:0px;--awb-spacing-left-large:0px;--awb-width-medium:100%;--awb-order-medium:0;--awb-spacing-right-medium:0px;--awb-spacing-left-medium:0px;--awb-width-small:100%;--awb-order-small:0;--awb-spacing-right-small:0px;--awb-spacing-left-small:0px;\"><div class=\"fusion-column-wrapper fusion-column-has-shadow fusion-flex-justify-content-flex-start fusion-content-layout-column\"><div class=\"fusion-content-boxes content-boxes columns row fusion-columns-6 fusion-columns-total-6 fusion-content-boxes-5 content-boxes-icon-on-top content-left fusion-no-small-visibility\" style=\"--awb-iconcolor:var(--awb-color8);--awb-margin-bottom:0px;--awb-hover-accent-color:var(--awb-color4);--awb-circle-hover-accent-color:transparent;\" data-animationOffset=\"top-into-view\"><div style=\"--awb-backgroundcolor:var(--awb-color1);--awb-iconcolor:var(--awb-color8);\" class=\"fusion-column content-box-column content-box-column content-box-column-1 col-lg-2 col-md-2 col-sm-2 fusion-content-box-hover content-box-column-first-in-row\"><div class=\"col content-box-wrapper content-wrapper-background link-area-box icon-hover-animation-slide\" data-animationOffset=\"top-into-view\"><div class=\"heading heading-with-icon icon-left\"><div class=\"icon\"><i style=\"background-color:transparent;border-color:transparent;height:auto;width: 40px;line-height:normal;font-size:40px;\" aria-hidden=\"true\" class=\"fontawesome-icon fa-swimming-pool fas circle-no\"><\/i><\/div><h2 class=\"content-box-heading fusion-responsive-typography-calculated\" style=\"--h2_typography-font-size:16px;--fontSize:16;line-height:var(--awb-typography1-line-height);\">Piscina<\/h2><\/div><\/div><\/div><div style=\"--awb-backgroundcolor:var(--awb-color1);--awb-iconcolor:var(--awb-color8);\" class=\"fusion-column content-box-column content-box-column content-box-column-2 col-lg-2 col-md-2 col-sm-2 fusion-content-box-hover \"><div class=\"col content-box-wrapper content-wrapper-background link-area-box icon-hover-animation-slide\" data-animationOffset=\"top-into-view\"><div class=\"heading heading-with-icon icon-left\"><div class=\"icon\"><i style=\"background-color:transparent;border-color:transparent;height:auto;width: 40px;line-height:normal;font-size:40px;\" aria-hidden=\"true\" class=\"fontawesome-icon fa-parking fas circle-no\"><\/i><\/div><h2 class=\"content-box-heading fusion-responsive-typography-calculated\" style=\"--h2_typography-font-size:16px;--fontSize:16;line-height:var(--awb-typography1-line-height);\">Parcheggio privato<\/h2><\/div><\/div><\/div><div style=\"--awb-backgroundcolor:var(--awb-color1);--awb-iconcolor:var(--awb-color8);\" class=\"fusion-column content-box-column content-box-column content-box-column-3 col-lg-2 col-md-2 col-sm-2 fusion-content-box-hover \"><div class=\"col content-box-wrapper content-wrapper-background link-area-box icon-hover-animation-slide\" data-animationOffset=\"top-into-view\"><div class=\"heading heading-with-icon icon-left\"><div class=\"icon\"><i style=\"background-color:transparent;border-color:transparent;height:auto;width: 40px;line-height:normal;font-size:40px;\" aria-hidden=\"true\" class=\"fontawesome-icon icon-hotel-signal-solid circle-no\"><\/i><\/div><h2 class=\"content-box-heading fusion-responsive-typography-calculated\" style=\"--h2_typography-font-size:16px;--fontSize:16;line-height:var(--awb-typography1-line-height);\">Wifi gratis<\/h2><\/div><\/div><\/div><div style=\"--awb-backgroundcolor:var(--awb-color1);--awb-iconcolor:var(--awb-color8);\" class=\"fusion-column content-box-column content-box-column content-box-column-4 col-lg-2 col-md-2 col-sm-2 fusion-content-box-hover \"><div class=\"col content-box-wrapper content-wrapper-background link-area-box icon-hover-animation-slide\" data-animationOffset=\"top-into-view\"><div class=\"heading heading-with-icon icon-left\"><div class=\"icon\"><i style=\"background-color:transparent;border-color:transparent;height:auto;width: 40px;line-height:normal;font-size:40px;\" aria-hidden=\"true\" class=\"fontawesome-icon fa-sink fas circle-no\"><\/i><\/div><h2 class=\"content-box-heading fusion-responsive-typography-calculated\" style=\"--h2_typography-font-size:16px;--fontSize:16;line-height:var(--awb-typography1-line-height);\">La cucina<\/h2><\/div><\/div><\/div><div style=\"--awb-backgroundcolor:var(--awb-color1);--awb-iconcolor:var(--awb-color8);\" class=\"fusion-column content-box-column content-box-column content-box-column-5 col-lg-2 col-md-2 col-sm-2 fusion-content-box-hover \"><div class=\"col content-box-wrapper content-wrapper-background link-area-box icon-hover-animation-slide\" data-animationOffset=\"top-into-view\"><div class=\"heading heading-with-icon icon-left\"><div class=\"icon\"><i style=\"background-color:transparent;border-color:transparent;height:auto;width: 40px;line-height:normal;font-size:40px;\" aria-hidden=\"true\" class=\"fontawesome-icon fa-paw fas circle-no\"><\/i><\/div><h2 class=\"content-box-heading fusion-responsive-typography-calculated\" style=\"--h2_typography-font-size:16px;--fontSize:16;line-height:var(--awb-typography1-line-height);\">Cucciolo amichevole<\/h2><\/div><\/div><\/div><div style=\"--awb-backgroundcolor:var(--awb-color1);--awb-iconcolor:var(--awb-color8);\" class=\"fusion-column content-box-column content-box-column content-box-column-6 col-lg-2 col-md-2 col-sm-2 fusion-content-box-hover content-box-column-last content-box-column-last-in-row\"><div class=\"col content-box-wrapper content-wrapper-background link-area-box icon-hover-animation-slide\" data-animationOffset=\"top-into-view\"><div class=\"heading heading-with-icon icon-left\"><div class=\"icon\"><i style=\"background-color:transparent;border-color:transparent;height:auto;width: 40px;line-height:normal;font-size:40px;\" aria-hidden=\"true\" class=\"fontawesome-icon fa-utensil-spoon fas circle-no\"><\/i><\/div><h2 class=\"content-box-heading fusion-responsive-typography-calculated\" style=\"--h2_typography-font-size:16px;--fontSize:16;line-height:var(--awb-typography1-line-height);\">Terreno di gioco<\/h2><\/div><\/div><\/div><div class=\"fusion-clearfix\"><\/div><\/div><ul style=\"--awb-size:22px;--awb-iconcolor:var(--awb-color4);--awb-line-height:37.4px;--awb-icon-width:37.4px;--awb-icon-height:37.4px;--awb-icon-margin:15.4px;--awb-content-margin:52.8px;\" class=\"fusion-checklist fusion-checklist-1 fusion-checklist-default fusion-no-medium-visibility fusion-no-large-visibility type-icons\"><li class=\"fusion-li-item\" style=\"\"><span class=\"icon-wrapper circle-no\"><i class=\"fusion-li-icon fa-bed fas\" aria-hidden=\"true\"><\/i><\/span><div class=\"fusion-li-item-content\">\n<p>Ville per 8 persone<\/p>\n<\/div><\/li><li class=\"fusion-li-item\" style=\"\"><span class=\"icon-wrapper circle-no\"><i class=\"fusion-li-icon fa-swimming-pool fas\" aria-hidden=\"true\"><\/i><\/span><div class=\"fusion-li-item-content\">\n<p>Piscina<\/p>\n<\/div><\/li><li class=\"fusion-li-item\" style=\"\"><span class=\"icon-wrapper circle-no\"><i class=\"fusion-li-icon fa-parking fas\" aria-hidden=\"true\"><\/i><\/span><div class=\"fusion-li-item-content\">\n<p>Parcheggio<\/p>\n<\/div><\/li><li class=\"fusion-li-item\" style=\"\"><span class=\"icon-wrapper circle-no\"><i class=\"fusion-li-icon fa-wifi fas\" aria-hidden=\"true\"><\/i><\/span><div class=\"fusion-li-item-content\">\n<p>Wifi gratis<\/p>\n<\/div><\/li><li class=\"fusion-li-item\" style=\"\"><span class=\"icon-wrapper circle-no\"><i class=\"fusion-li-icon fa-sink fas\" aria-hidden=\"true\"><\/i><\/span><div class=\"fusion-li-item-content\">\n<p>La cucina<\/p>\n<\/div><\/li><li class=\"fusion-li-item\" style=\"\"><span class=\"icon-wrapper circle-no\"><i class=\"fusion-li-icon fa-paw fas\" aria-hidden=\"true\"><\/i><\/span><div class=\"fusion-li-item-content\">\n<p>Cucciolo amichevole<\/p>\n<\/div><\/li><li class=\"fusion-li-item\" style=\"\"><span class=\"icon-wrapper circle-no\"><i class=\"fusion-li-icon fa-table-tennis fas\" aria-hidden=\"true\"><\/i><\/span><div class=\"fusion-li-item-content\">\n<p>Terreno di gioco<\/p>\n<\/div><\/li><\/ul><\/div><\/div><\/div><\/div><div class=\"fusion-bg-parallax\" data-bg-align=\"left center\" data-direction=\"up\" data-mute=\"false\" data-opacity=\"100\" data-velocity=\"-0.3\" data-mobile-enabled=\"false\" data-break_parents=\"0\" data-bg-image=\"https:\/\/villa-pacetina.com\/wp-content\/uploads\/2022\/09\/testimonials_bg1-copy-1.jpg\" data-bg-repeat=\"false\" data-bg-color=\"var(--awb-color2)\" ><\/div><div class=\"fusion-fullwidth fullwidth-box fusion-builder-row-12 fusion-flex-container has-pattern-background has-mask-background fusion-parallax-up nonhundred-percent-fullwidth non-hundred-percent-height-scrolling lazyload\" style=\"--awb-background-position:left center;--awb-border-sizes-top:0px;--awb-border-sizes-bottom:0px;--awb-border-sizes-left:0px;--awb-border-sizes-right:0px;--awb-border-radius-top-left:0px;--awb-border-radius-top-right:0px;--awb-border-radius-bottom-right:0px;--awb-border-radius-bottom-left:0px;--awb-padding-top:60px;--awb-padding-bottom:60px;--awb-min-height:350px;--awb-background-color:var(--awb-color2);--awb-background-size:cover;--awb-flex-wrap:wrap;\" data-bg=\"https:\/\/villa-pacetina.com\/wp-content\/uploads\/2022\/09\/testimonials_bg1-copy-1.jpg\" ><div class=\"fusion-builder-row fusion-row fusion-flex-align-items-stretch fusion-flex-content-wrap\" style=\"max-width:calc( 1250px + 0px );margin-left: calc(-0px \/ 2 );margin-right: calc(-0px \/ 2 );\"><\/div><\/div><div class=\"fusion-fullwidth fullwidth-box fusion-builder-row-13 fusion-flex-container has-pattern-background has-mask-background nonhundred-percent-fullwidth non-hundred-percent-height-scrolling\" style=\"--awb-border-radius-top-left:0px;--awb-border-radius-top-right:0px;--awb-border-radius-bottom-right:0px;--awb-border-radius-bottom-left:0px;--awb-margin-top:-100px;--awb-flex-wrap:wrap;\" ><div class=\"fusion-builder-row fusion-row fusion-flex-align-items-flex-start fusion-flex-justify-content-space-evenly fusion-flex-content-wrap\" style=\"max-width:calc( 1250px + 0px );margin-left: calc(-0px \/ 2 );margin-right: calc(-0px \/ 2 );\"><div class=\"fusion-layout-column fusion_builder_column fusion-builder-column-26 fusion_builder_column_1_2 1_2 fusion-flex-column\" style=\"--awb-bg-size:cover;--awb-width-large:50%;--awb-margin-top-large:0px;--awb-spacing-right-large:0px;--awb-margin-bottom-large:20px;--awb-spacing-left-large:0px;--awb-width-medium:100%;--awb-order-medium:0;--awb-spacing-right-medium:0px;--awb-spacing-left-medium:0px;--awb-width-small:100%;--awb-order-small:0;--awb-spacing-right-small:0px;--awb-spacing-left-small:0px;\"><div class=\"fusion-column-wrapper fusion-column-has-shadow fusion-flex-justify-content-flex-start fusion-content-layout-column\"><div class=\"fusion-testimonials classic awb-speech-bubble-show fusion-testimonials-1\" style=\"--awb-textcolor:var(--awb-color8);--awb-backgroundcolor:#ffffff;--awb-testimonial-border-style:solid;--awb-testimonial-border-color:var(--awb-color3);--awb-border-top-left-radius:0px;--awb-border-top-right-radius:0px;--awb-border-bottom-left-radius:0px;--awb-border-bottom-right-radius:0px;--testimonial-border-width-top:0px;--testimonial-border-width-right:0px;--testimonial-border-width-bottom:0px;--testimonial-border-width-left:0px;\" data-random=\"0\" data-speed=\"2500\"><div class=\"reviews\"><div class=\"review active-testimonial no-avatar\"><blockquote><div class=\"awb-quote\"><div class=\"awb-quote-content\">\n<p><em>&#8220;Posto meraviglioso per tutta la famiglia nel verde e in completa privacy. Una bella vista di Krapina. Il parco acquatico Aquae vivae Krapinske Toplice si trova a pochi chilometri di distanza. Altamente raccomandato!&#8221;<\/em><\/p>\n<\/div><\/div><span class=\"awb-triangle\"><\/span><\/blockquote><div class=\"author\"><span class=\"company-name\"><strong>Melissa N.<\/strong><\/span><\/div><\/div><div class=\"review no-avatar\"><blockquote><div class=\"awb-quote\"><div class=\"awb-quote-content\">\n<p><em>&#8220;Un ottimo luogo di vacanza per tutta la famiglia, un fantastico parco giochi per bambini e una splendida vista su Krapina. Completa privacy in quanto non ci sono altre case nelle vicinanze. Vicino all&#8217;autostrada e vicino al parco acquatico Aquae Vivae Krapinske Toplice. Noi raccomandiamo!&#8221;<\/em><\/p>\n<\/div><\/div><span class=\"awb-triangle\"><\/span><\/blockquote><div class=\"author\"><span class=\"company-name\"><strong>Marinero T.<\/strong><\/span><\/div><\/div><div class=\"review no-avatar\"><blockquote><div class=\"awb-quote\"><div class=\"awb-quote-content\">\n<p><em>&#8220;Qualcosa di bello, riposo per corpo e anima. La vista dalla piscina e dalla Villa stessa, puoi vedere met\u00e0 del bellissimo Zagorje. Bel posto.&#8221;<\/em><\/p>\n<\/div><\/div><span class=\"awb-triangle\"><\/span><\/blockquote><div class=\"author\"><span class=\"company-name\"><strong>Allen S.<\/strong><\/span><\/div><\/div><div class=\"review no-avatar\"><blockquote><div class=\"awb-quote\"><div class=\"awb-quote-content\">\n<p><em>&#8220;Qualcosa di meraviglioso, atmosfera tranquilla, vista notturna, Capodanno indimenticabile&#8221;<\/em><\/p>\n<\/div><\/div><span class=\"awb-triangle\"><\/span><\/blockquote><div class=\"author\"><span class=\"company-name\"><strong>Antonio B.<\/strong><\/span><\/div><\/div><div class=\"review no-avatar\"><blockquote><div class=\"awb-quote\"><div class=\"awb-quote-content\">\n<p><em>&#8220;Amazing Villa siamo stati l\u00ec per 11 giorni e tutto \u00e8 stato fantastico, le persone che sono responsabili hanno una connessione straordinaria e sono pronte ad aiutarti se hai bisogno di qualcosa. Spero che l&#8217;anno prossimo di nuovo 5&#8221;<\/em><\/p>\n<\/div><\/div><span class=\"awb-triangle\"><\/span><\/blockquote><div class=\"author\"><span class=\"company-name\"><strong>Fran F.<\/strong><\/span><\/div><\/div><\/div><div class=\"testimonial-pagination\" id=\"fusion-testimonials-1\"><a href=\"#\" aria-label=\"Testimonial Pagination\"  class=\"activeSlide\"><\/a><a href=\"#\" aria-label=\"Testimonial Pagination\" ><\/a><a href=\"#\" aria-label=\"Testimonial Pagination\" ><\/a><a href=\"#\" aria-label=\"Testimonial Pagination\" ><\/a><a href=\"#\" aria-label=\"Testimonial Pagination\" ><\/a><\/div><\/div><\/div><\/div><\/div><\/div><div class=\"fusion-fullwidth fullwidth-box fusion-builder-row-14 fusion-flex-container has-pattern-background has-mask-background nonhundred-percent-fullwidth non-hundred-percent-height-scrolling\" style=\"--awb-background-position:left top;--awb-border-sizes-top:0px;--awb-border-sizes-bottom:0px;--awb-border-sizes-left:0px;--awb-border-sizes-right:0px;--awb-border-radius-top-left:0px;--awb-border-radius-top-right:0px;--awb-border-radius-bottom-right:0px;--awb-border-radius-bottom-left:0px;--awb-padding-top:30px;--awb-padding-bottom:50px;--awb-padding-top-medium:81px;--awb-padding-bottom-medium:30px;--awb-padding-top-small:0px;--awb-padding-bottom-small:21px;--awb-flex-wrap:wrap;\" ><div class=\"fusion-builder-row fusion-row fusion-flex-align-items-stretch fusion-flex-content-wrap\" style=\"max-width:1300px;margin-left: calc(-4% \/ 2 );margin-right: calc(-4% \/ 2 );\"><div class=\"fusion-layout-column fusion_builder_column fusion-builder-column-27 fusion_builder_column_1_1 1_1 fusion-flex-column fusion-flex-align-self-flex-start fusion-column-no-min-height\" style=\"--awb-bg-blend:overlay;--awb-bg-size:cover;--awb-width-large:100%;--awb-margin-top-large:0px;--awb-spacing-right-large:1.92%;--awb-margin-bottom-large:0px;--awb-spacing-left-large:1.92%;--awb-width-medium:100%;--awb-spacing-right-medium:1.92%;--awb-spacing-left-medium:1.92%;--awb-width-small:100%;--awb-spacing-right-small:1.92%;--awb-spacing-left-small:1.92%;\"><div class=\"fusion-column-wrapper fusion-flex-justify-content-flex-start fusion-content-layout-column\"><div class=\"fusion-title title fusion-title-12 fusion-title-center fusion-title-text fusion-title-size-two\" style=\"--awb-margin-bottom:0px;--awb-margin-bottom-small:0px;--awb-margin-bottom-medium:0px;--awb-font-size:var(--awb-typography2-font-size);\"><div class=\"title-sep-container title-sep-container-left\"><div class=\"title-sep sep- sep-solid\" style=\"border-color:var(--awb-color3);\"><\/div><\/div><span class=\"awb-title-spacer\"><\/span><h2 class=\"fusion-title-heading title-heading-center fusion-responsive-typography-calculated\" style=\"font-family:var(--awb-typography2-font-family);font-weight:var(--awb-typography2-font-weight);font-style:var(--awb-typography2-font-style);margin:0;font-size:1em;letter-spacing:var(--awb-typography2-letter-spacing);text-transform:var(--awb-typography2-text-transform);--fontSize:13;--minFontSize:13;line-height:var(--awb-typography2-line-height);\">VICINO ALLA VILLA<\/h2><span class=\"awb-title-spacer\"><\/span><div class=\"title-sep-container title-sep-container-right\"><div class=\"title-sep sep- sep-solid\" style=\"border-color:var(--awb-color3);\"><\/div><\/div><\/div><div class=\"fusion-title title fusion-title-13 fusion-title-center fusion-title-text fusion-title-size-three\" style=\"--awb-margin-bottom-small:15px;--awb-font-size:46px;\"><div class=\"title-sep-container title-sep-container-left\"><div class=\"title-sep sep- sep-solid\" style=\"border-color:var(--awb-color3);\"><\/div><\/div><span class=\"awb-title-spacer\"><\/span><h3 class=\"fusion-title-heading title-heading-center fusion-responsive-typography-calculated\" style=\"margin:0;font-size:1em;--fontSize:46;line-height:var(--awb-typography1-line-height);\">Attivit\u00e0 e intrattenimento<\/h3><span class=\"awb-title-spacer\"><\/span><div class=\"title-sep-container title-sep-container-right\"><div class=\"title-sep sep- sep-solid\" style=\"border-color:var(--awb-color3);\"><\/div><\/div><\/div><div class=\"fusion-separator\" style=\"align-self: center;margin-left: auto;margin-right: auto;margin-top:0px;margin-bottom:65px;width:100%;max-width:50px;\"><div class=\"fusion-separator-border sep-single sep-solid\" style=\"--awb-height:20px;--awb-amount:20px;--awb-sep-color:var(--awb-color4);border-color:var(--awb-color4);border-top-width:1px;\"><\/div><\/div><\/div><\/div><div class=\"fusion-layout-column fusion_builder_column fusion-builder-column-28 fusion_builder_column_1_3 1_3 fusion-flex-column\" style=\"--awb-bg-blend:overlay;--awb-bg-size:cover;--awb-width-large:33.333333333333%;--awb-margin-top-large:0px;--awb-spacing-right-large:5.76%;--awb-margin-bottom-large:20px;--awb-spacing-left-large:5.76%;--awb-width-medium:100%;--awb-spacing-right-medium:1.92%;--awb-spacing-left-medium:1.92%;--awb-width-small:100%;--awb-spacing-right-small:1.92%;--awb-spacing-left-small:1.92%;\"><div class=\"fusion-column-wrapper fusion-flex-justify-content-flex-start fusion-content-layout-column\"><div class=\"fusion-image-before-after-wrapper fusion-image-before-after-horizontal type-before-after hover-type-together fusion-image-before-after-wrapper-1\" style=\"--awb-font-size:14px;--awb-bordersize:0px;--awb-accent-color-bg:hsla(var(--awb-color1-h),var(--awb-color1-s),var(--awb-color1-l),calc(var(--awb-color1-a) - 85%));--awb-transition-time:0.5s;\"><div class=\"fusion-image-before-after-element fusion-image-before-after fusion-image-before-after-container fusion-image-before-after-1\" data-offset=\"0.5\" data-orientation=\"horizontal\" data-move-with-handle-only=\"true\" data-click-to-move=\"true\"><img decoding=\"async\" class=\"fusion-image-before-after-before lazyload\" src=\"data:image\/svg+xml,%3Csvg%20xmlns%3D%27http%3A%2F%2Fwww.w3.org%2F2000%2Fsvg%27%20width%3D%271400%27%20height%3D%271002%27%20viewBox%3D%270%200%201400%201002%27%3E%3Crect%20width%3D%271400%27%20height%3D%271002%27%20fill-opacity%3D%220%22%2F%3E%3C%2Fsvg%3E\" width=\"1400\" height=\"1002\" data-orig-src=\"https:\/\/villa-pacetina.com\/wp-content\/uploads\/2022\/10\/krapinske-toplice-1-copy-copy.jpg\"><img decoding=\"async\" class=\"fusion-image-before-after-after lazyload\" src=\"data:image\/svg+xml,%3Csvg%20xmlns%3D%27http%3A%2F%2Fwww.w3.org%2F2000%2Fsvg%27%20width%3D%271400%27%20height%3D%271002%27%20viewBox%3D%270%200%201400%201002%27%3E%3Crect%20width%3D%271400%27%20height%3D%271002%27%20fill-opacity%3D%220%22%2F%3E%3C%2Fsvg%3E\" width=\"1400\" height=\"1002\" data-orig-src=\"https:\/\/villa-pacetina.com\/wp-content\/uploads\/2022\/09\/krapinske-toplice-1-copy.jpg\"><div class=\"fusion-image-before-after-handle fusion-image-before-after-handle-default\"><span class=\"fusion-image-before-after-left-arrow\"><\/span><span class=\"fusion-image-before-after-right-arrow\"><\/span><\/div><\/div><\/div><div class=\"fusion-title title fusion-title-14 fusion-sep-none fusion-title-text fusion-title-size-four\" style=\"--awb-margin-top:20px;--awb-margin-top-small:20px;--awb-font-size:20px;\"><h4 class=\"fusion-title-heading title-heading-left fusion-responsive-typography-calculated\" style=\"margin:0;font-size:1em;--fontSize:20;--minFontSize:20;line-height:var(--awb-typography1-line-height);\">A tutti gli ospiti vengono <strong>forniti<\/strong> i biglietti per <strong>il parco acquatico Aquae Vivae<\/strong><\/h4><\/div><div class=\"fusion-text fusion-text-6\"><p>Villa Pacetina dista circa 10 minuti dal parco acquatico <strong><span style=\"text-decoration: underline;\"><a href=\"https:\/\/www.aquae-vivae.hr\/\">Aquae Vivae<\/a><\/span><\/strong> . Il parco acquatico <strong><span style=\"text-decoration: underline;\"><a href=\"https:\/\/www.aquae-vivae.hr\/\">Aquae Vivae<\/a><\/span><\/strong> \u00e8 l&#8217;unica struttura di una piscina termale in Croazia che \u00e8 stata completamente costruita da zero in questo secolo e inaugurata nel 2015. e riempie le sue piscine con acqua naturale, sorgiva, curativa, termominerale ad una temperatura di 41\u00b0 C. L&#8217;acqua naturale, curativa, termominerale nella sua composizione primaverile \u00e8 a disposizione di ogni visitatore.<\/p>\n<\/div><\/div><\/div><div class=\"fusion-layout-column fusion_builder_column fusion-builder-column-29 fusion_builder_column_1_3 1_3 fusion-flex-column\" style=\"--awb-bg-blend:overlay;--awb-bg-size:cover;--awb-width-large:33.333333333333%;--awb-margin-top-large:0px;--awb-spacing-right-large:5.76%;--awb-margin-bottom-large:20px;--awb-spacing-left-large:5.76%;--awb-width-medium:100%;--awb-spacing-right-medium:1.92%;--awb-spacing-left-medium:1.92%;--awb-width-small:100%;--awb-spacing-right-small:1.92%;--awb-spacing-left-small:1.92%;\"><div class=\"fusion-column-wrapper fusion-flex-justify-content-flex-start fusion-content-layout-column\"><div class=\"fusion-image-before-after-wrapper fusion-image-before-after-horizontal type-before-after hover-type-together fusion-image-before-after-wrapper-2\" style=\"--awb-font-size:14px;--awb-bordersize:0px;--awb-accent-color-bg:hsla(var(--awb-color1-h),var(--awb-color1-s),var(--awb-color1-l),calc(var(--awb-color1-a) - 85%));--awb-transition-time:0.5s;\"><div class=\"fusion-image-before-after-element fusion-image-before-after fusion-image-before-after-container fusion-image-before-after-2\" data-offset=\"0.5\" data-orientation=\"horizontal\" data-move-with-handle-only=\"true\" data-click-to-move=\"true\"><img decoding=\"async\" class=\"fusion-image-before-after-before lazyload\" src=\"data:image\/svg+xml,%3Csvg%20xmlns%3D%27http%3A%2F%2Fwww.w3.org%2F2000%2Fsvg%27%20width%3D%271400%27%20height%3D%271002%27%20viewBox%3D%270%200%201400%201002%27%3E%3Crect%20width%3D%271400%27%20height%3D%271002%27%20fill-opacity%3D%220%22%2F%3E%3C%2Fsvg%3E\" width=\"1400\" height=\"1002\" data-orig-src=\"https:\/\/villa-pacetina.com\/wp-content\/uploads\/2022\/09\/tuheljske-toplice-1-2-copy.jpg\"><img decoding=\"async\" class=\"fusion-image-before-after-after lazyload\" src=\"data:image\/svg+xml,%3Csvg%20xmlns%3D%27http%3A%2F%2Fwww.w3.org%2F2000%2Fsvg%27%20width%3D%271400%27%20height%3D%271002%27%20viewBox%3D%270%200%201400%201002%27%3E%3Crect%20width%3D%271400%27%20height%3D%271002%27%20fill-opacity%3D%220%22%2F%3E%3C%2Fsvg%3E\" width=\"1400\" height=\"1002\" data-orig-src=\"https:\/\/villa-pacetina.com\/wp-content\/uploads\/2022\/09\/tuheljske-toplice-122-2-copy.jpg\"><div class=\"fusion-image-before-after-handle fusion-image-before-after-handle-default\"><span class=\"fusion-image-before-after-left-arrow\"><\/span><span class=\"fusion-image-before-after-right-arrow\"><\/span><\/div><\/div><\/div><div class=\"fusion-title title fusion-title-15 fusion-sep-none fusion-title-text fusion-title-size-four\" style=\"--awb-margin-top:20px;--awb-margin-top-small:20px;--awb-font-size:20px;\"><h4 class=\"fusion-title-heading title-heading-left fusion-responsive-typography-calculated\" style=\"margin:0;font-size:1em;--fontSize:20;--minFontSize:20;line-height:var(--awb-typography1-line-height);\">Musei e castelli<\/h4><\/div><div class=\"fusion-text fusion-text-7\"><p>Se le <span class=\"cap\" title=\"K\">mura<\/span> dei castelli potessero parlare, ci racconterebbero sicuramente le storie pi\u00f9 belle sulla storia emozionante, le vite di nobili decadenti e ladri audaci, storie di avventura, lealt\u00e0 e sopravvivenza. Non hai bisogno di pi\u00f9 di 15 minuti di auto per visitare uno dei castelli dello Zagorje croato o il famoso museo di Krapina Neanderthal.<\/p>\n<\/div><\/div><\/div><div class=\"fusion-layout-column fusion_builder_column fusion-builder-column-30 fusion_builder_column_1_3 1_3 fusion-flex-column\" style=\"--awb-bg-blend:overlay;--awb-bg-size:cover;--awb-width-large:33.333333333333%;--awb-margin-top-large:0px;--awb-spacing-right-large:5.76%;--awb-margin-bottom-large:20px;--awb-spacing-left-large:5.76%;--awb-width-medium:100%;--awb-spacing-right-medium:1.92%;--awb-spacing-left-medium:1.92%;--awb-width-small:100%;--awb-spacing-right-small:1.92%;--awb-spacing-left-small:1.92%;\"><div class=\"fusion-column-wrapper fusion-flex-justify-content-flex-start fusion-content-layout-column\"><div class=\"fusion-image-before-after-wrapper fusion-image-before-after-horizontal type-before-after hover-type-together fusion-image-before-after-wrapper-3\" style=\"--awb-font-size:14px;--awb-bordersize:0px;--awb-accent-color-bg:hsla(var(--awb-color1-h),var(--awb-color1-s),var(--awb-color1-l),calc(var(--awb-color1-a) - 85%));--awb-transition-time:0.5s;\"><div class=\"fusion-image-before-after-element fusion-image-before-after fusion-image-before-after-container fusion-image-before-after-3\" data-offset=\"0.5\" data-orientation=\"horizontal\" data-move-with-handle-only=\"true\" data-click-to-move=\"true\"><img decoding=\"async\" class=\"fusion-image-before-after-before lazyload\" src=\"data:image\/svg+xml,%3Csvg%20xmlns%3D%27http%3A%2F%2Fwww.w3.org%2F2000%2Fsvg%27%20width%3D%271400%27%20height%3D%271002%27%20viewBox%3D%270%200%201400%201002%27%3E%3Crect%20width%3D%271400%27%20height%3D%271002%27%20fill-opacity%3D%220%22%2F%3E%3C%2Fsvg%3E\" width=\"1400\" height=\"1002\" data-orig-src=\"https:\/\/villa-pacetina.com\/wp-content\/uploads\/2022\/09\/tuheljske-toplice-1-2-cop2222y.jpg\"><img decoding=\"async\" class=\"fusion-image-before-after-after lazyload\" src=\"data:image\/svg+xml,%3Csvg%20xmlns%3D%27http%3A%2F%2Fwww.w3.org%2F2000%2Fsvg%27%20width%3D%271400%27%20height%3D%271002%27%20viewBox%3D%270%200%201400%201002%27%3E%3Crect%20width%3D%271400%27%20height%3D%271002%27%20fill-opacity%3D%220%22%2F%3E%3C%2Fsvg%3E\" width=\"1400\" height=\"1002\" data-orig-src=\"https:\/\/villa-pacetina.com\/wp-content\/uploads\/2022\/09\/tuheljske-toplice-1-2-c3333opy.jpg\"><div class=\"fusion-image-before-after-handle fusion-image-before-after-handle-default\"><span class=\"fusion-image-before-after-left-arrow\"><\/span><span class=\"fusion-image-before-after-right-arrow\"><\/span><\/div><\/div><\/div><div class=\"fusion-title title fusion-title-16 fusion-sep-none fusion-title-text fusion-title-size-four\" style=\"--awb-margin-top:20px;--awb-margin-top-small:20px;--awb-font-size:20px;\"><h4 class=\"fusion-title-heading title-heading-left fusion-responsive-typography-calculated\" style=\"margin:0;font-size:1em;--fontSize:20;--minFontSize:20;line-height:var(--awb-typography1-line-height);\">E-bike, quad e gastronomia<\/h4><\/div><div class=\"fusion-text fusion-text-8\"><p>Previo accordo, offriamo il noleggio di biciclette elettriche e quad, con le quali puoi vivere tutta la bellezza della regione croata dello Zagorje in modo speciale lungo strade ben tenute. Nelle immediate vicinanze della villa, a soli 10 minuti di auto, ci sono molti rinomati e conosciuti ristoranti che offrono cucina locale, alcuni dei quali con stelle Michelin. Puoi chiedere consigli all&#8217;host per tutto quanto sopra.<\/p>\n<\/div><style>.panel-5fa5be78af85f57d4 h3 a{margin: 0 auto!important;\n    display: block!important;}.fusion-accordian #accordion-2018-1 .panel-5fa5be78af85f57d4 .panel-title a{text-align:center;}<\/style><\/div><\/div><\/div><\/div><\/p>\n","protected":false},"excerpt":{"rendered":"","protected":false},"author":1,"featured_media":4099,"parent":0,"menu_order":0,"comment_status":"open","ping_status":"closed","template":"100-width.php","meta":{"footnotes":""},"class_list":["post-4339","page","type-page","status-publish","has-post-thumbnail","hentry"],"yoast_head":"<!-- This site is optimized with the Yoast SEO plugin v27.1.1 - https:\/\/yoast.com\/product\/yoast-seo-wordpress\/ -->\n<title>Ville con piscina - Villa Pa\u010detina<\/title>\n<meta name=\"robots\" content=\"index, follow, max-snippet:-1, max-image-preview:large, max-video-preview:-1\" \/>\n<link rel=\"canonical\" href=\"https:\/\/villa-pacetina.com\/it\/\" \/>\n<meta property=\"og:locale\" content=\"it_IT\" \/>\n<meta property=\"og:type\" content=\"article\" \/>\n<meta property=\"og:title\" content=\"Ville con piscina - Villa Pa\u010detina\" \/>\n<meta property=\"og:url\" content=\"https:\/\/villa-pacetina.com\/it\/\" \/>\n<meta property=\"og:site_name\" content=\"Villa Pa\u010detina\" \/>\n<meta property=\"article:publisher\" content=\"https:\/\/www.facebook.com\/vilapacetina\/\" \/>\n<meta property=\"article:modified_time\" content=\"2025-08-25T09:08:05+00:00\" \/>\n<meta property=\"og:image\" content=\"https:\/\/villa-pacetina.com\/wp-content\/uploads\/2022\/10\/VillaPacetina51_Jurinec-photography_19052022-1024x682.jpg\" \/>\n<meta name=\"twitter:card\" content=\"summary_large_image\" \/>\n<meta name=\"twitter:label1\" content=\"Tempo di lettura stimato\" \/>\n\t<meta name=\"twitter:data1\" content=\"50 minuti\" \/>\n<script type=\"application\/ld+json\" class=\"yoast-schema-graph\">{\"@context\":\"https:\/\/schema.org\",\"@graph\":[{\"@type\":\"WebPage\",\"@id\":\"https:\/\/villa-pacetina.com\/it\/\",\"url\":\"https:\/\/villa-pacetina.com\/it\/\",\"name\":\"Ville con piscina - Villa Pa\u010detina\",\"isPartOf\":{\"@id\":\"https:\/\/villa-pacetina.com\/it\/#website\"},\"primaryImageOfPage\":{\"@id\":\"https:\/\/villa-pacetina.com\/it\/#primaryimage\"},\"image\":{\"@id\":\"https:\/\/villa-pacetina.com\/it\/#primaryimage\"},\"thumbnailUrl\":\"https:\/\/villa-pacetina.com\/wp-content\/uploads\/2022\/10\/VillaPacetina52_Jurinec-photography_19052022.jpg\",\"datePublished\":\"2015-01-19T15:16:37+00:00\",\"dateModified\":\"2025-08-25T09:08:05+00:00\",\"breadcrumb\":{\"@id\":\"https:\/\/villa-pacetina.com\/it\/#breadcrumb\"},\"inLanguage\":\"it-IT\",\"potentialAction\":[{\"@type\":\"ReadAction\",\"target\":[\"https:\/\/villa-pacetina.com\/it\/\"]}]},{\"@type\":\"ImageObject\",\"inLanguage\":\"it-IT\",\"@id\":\"https:\/\/villa-pacetina.com\/it\/#primaryimage\",\"url\":\"https:\/\/villa-pacetina.com\/wp-content\/uploads\/2022\/10\/VillaPacetina52_Jurinec-photography_19052022.jpg\",\"contentUrl\":\"https:\/\/villa-pacetina.com\/wp-content\/uploads\/2022\/10\/VillaPacetina52_Jurinec-photography_19052022.jpg\",\"width\":2000,\"height\":1333},{\"@type\":\"BreadcrumbList\",\"@id\":\"https:\/\/villa-pacetina.com\/it\/#breadcrumb\",\"itemListElement\":[{\"@type\":\"ListItem\",\"position\":1,\"name\":\"Po\u010detna stranica\",\"item\":\"https:\/\/villa-pacetina.com\/it\/prima-pagina\/\"},{\"@type\":\"ListItem\",\"position\":2,\"name\":\"Ville con piscina\"}]},{\"@type\":\"WebSite\",\"@id\":\"https:\/\/villa-pacetina.com\/it\/#website\",\"url\":\"https:\/\/villa-pacetina.com\/it\/\",\"name\":\"Villa Pa\u010detina\",\"description\":\"Idealno mjesto za odmor, u oazi mira i zelenilu\",\"potentialAction\":[{\"@type\":\"SearchAction\",\"target\":{\"@type\":\"EntryPoint\",\"urlTemplate\":\"https:\/\/villa-pacetina.com\/it\/?s={search_term_string}\"},\"query-input\":{\"@type\":\"PropertyValueSpecification\",\"valueRequired\":true,\"valueName\":\"search_term_string\"}}],\"inLanguage\":\"it-IT\"}]}<\/script>\n<!-- \/ Yoast SEO plugin. -->","yoast_head_json":{"title":"Ville con piscina - Villa Pa\u010detina","robots":{"index":"index","follow":"follow","max-snippet":"max-snippet:-1","max-image-preview":"max-image-preview:large","max-video-preview":"max-video-preview:-1"},"canonical":"https:\/\/villa-pacetina.com\/it\/","og_locale":"it_IT","og_type":"article","og_title":"Ville con piscina - Villa Pa\u010detina","og_url":"https:\/\/villa-pacetina.com\/it\/","og_site_name":"Villa Pa\u010detina","article_publisher":"https:\/\/www.facebook.com\/vilapacetina\/","article_modified_time":"2025-08-25T09:08:05+00:00","og_image":[{"url":"https:\/\/villa-pacetina.com\/wp-content\/uploads\/2022\/10\/VillaPacetina51_Jurinec-photography_19052022-1024x682.jpg","type":"","width":"","height":""}],"twitter_card":"summary_large_image","twitter_misc":{"Tempo di lettura stimato":"50 minuti"},"schema":{"@context":"https:\/\/schema.org","@graph":[{"@type":"WebPage","@id":"https:\/\/villa-pacetina.com\/it\/","url":"https:\/\/villa-pacetina.com\/it\/","name":"Ville con piscina - Villa Pa\u010detina","isPartOf":{"@id":"https:\/\/villa-pacetina.com\/it\/#website"},"primaryImageOfPage":{"@id":"https:\/\/villa-pacetina.com\/it\/#primaryimage"},"image":{"@id":"https:\/\/villa-pacetina.com\/it\/#primaryimage"},"thumbnailUrl":"https:\/\/villa-pacetina.com\/wp-content\/uploads\/2022\/10\/VillaPacetina52_Jurinec-photography_19052022.jpg","datePublished":"2015-01-19T15:16:37+00:00","dateModified":"2025-08-25T09:08:05+00:00","breadcrumb":{"@id":"https:\/\/villa-pacetina.com\/it\/#breadcrumb"},"inLanguage":"it-IT","potentialAction":[{"@type":"ReadAction","target":["https:\/\/villa-pacetina.com\/it\/"]}]},{"@type":"ImageObject","inLanguage":"it-IT","@id":"https:\/\/villa-pacetina.com\/it\/#primaryimage","url":"https:\/\/villa-pacetina.com\/wp-content\/uploads\/2022\/10\/VillaPacetina52_Jurinec-photography_19052022.jpg","contentUrl":"https:\/\/villa-pacetina.com\/wp-content\/uploads\/2022\/10\/VillaPacetina52_Jurinec-photography_19052022.jpg","width":2000,"height":1333},{"@type":"BreadcrumbList","@id":"https:\/\/villa-pacetina.com\/it\/#breadcrumb","itemListElement":[{"@type":"ListItem","position":1,"name":"Po\u010detna stranica","item":"https:\/\/villa-pacetina.com\/it\/prima-pagina\/"},{"@type":"ListItem","position":2,"name":"Ville con piscina"}]},{"@type":"WebSite","@id":"https:\/\/villa-pacetina.com\/it\/#website","url":"https:\/\/villa-pacetina.com\/it\/","name":"Villa Pa\u010detina","description":"Idealno mjesto za odmor, u oazi mira i zelenilu","potentialAction":[{"@type":"SearchAction","target":{"@type":"EntryPoint","urlTemplate":"https:\/\/villa-pacetina.com\/it\/?s={search_term_string}"},"query-input":{"@type":"PropertyValueSpecification","valueRequired":true,"valueName":"search_term_string"}}],"inLanguage":"it-IT"}]}},"_links":{"self":[{"href":"https:\/\/villa-pacetina.com\/it\/wp-json\/wp\/v2\/pages\/4339","targetHints":{"allow":["GET"]}}],"collection":[{"href":"https:\/\/villa-pacetina.com\/it\/wp-json\/wp\/v2\/pages"}],"about":[{"href":"https:\/\/villa-pacetina.com\/it\/wp-json\/wp\/v2\/types\/page"}],"author":[{"embeddable":true,"href":"https:\/\/villa-pacetina.com\/it\/wp-json\/wp\/v2\/users\/1"}],"replies":[{"embeddable":true,"href":"https:\/\/villa-pacetina.com\/it\/wp-json\/wp\/v2\/comments?post=4339"}],"version-history":[{"count":0,"href":"https:\/\/villa-pacetina.com\/it\/wp-json\/wp\/v2\/pages\/4339\/revisions"}],"wp:featuredmedia":[{"embeddable":true,"href":"https:\/\/villa-pacetina.com\/it\/wp-json\/wp\/v2\/media\/4099"}],"wp:attachment":[{"href":"https:\/\/villa-pacetina.com\/it\/wp-json\/wp\/v2\/media?parent=4339"}],"curies":[{"name":"wp","href":"https:\/\/api.w.org\/{rel}","templated":true}]}}